{"id":7396,"date":"2025-10-16T11:59:21","date_gmt":"2025-10-16T09:59:21","guid":{"rendered":"https:\/\/www.palazzoinnovazione.it\/?post_type=corso&#038;p=7396"},"modified":"2026-01-09T15:59:45","modified_gmt":"2026-01-09T14:59:45","slug":"ux-ui-design-winter-school","status":"publish","type":"corso","link":"https:\/\/www.palazzoinnovazione.it\/en\/corso\/ux-ui-design-winter-school\/","title":{"rendered":"UX &amp; UI Design &#8211; Winter School\u00a0"},"content":{"rendered":"\t\t<div data-elementor-type=\"wp-post\" data-elementor-id=\"7396\" class=\"elementor elementor-7396\" data-elementor-post-type=\"corso\">\n\t\t\t\t\t\t<section class=\"elementor-section elementor-top-section elementor-element elementor-element-777f545f elementor-section-boxed elementor-section-height-default elementor-section-height-default\" data-id=\"777f545f\" data-element_type=\"section\" data-e-type=\"section\">\n\t\t\t\t\t\t<div class=\"elementor-container elementor-column-gap-default\">\n\t\t\t\t\t<div class=\"elementor-column elementor-col-33 elementor-top-column elementor-element elementor-element-68c4ae0f\" data-id=\"68c4ae0f\" data-element_type=\"column\" data-e-type=\"column\">\n\t\t\t<div class=\"elementor-widget-wrap elementor-element-populated\">\n\t\t\t\t\t\t<div class=\"elementor-element elementor-element-47832b48 elementor-widget elementor-widget-image\" data-id=\"47832b48\" data-element_type=\"widget\" data-e-type=\"widget\" data-widget_type=\"image.default\">\n\t\t\t\t<div class=\"elementor-widget-container\">\n\t\t\t\t\t\t\t\t\t\t\t\t\t\t\t<img fetchpriority=\"high\" decoding=\"async\" width=\"800\" height=\"800\" src=\"https:\/\/www.palazzoinnovazione.it\/wp-content\/uploads\/2022\/04\/corso_rivolto.svg\" class=\"attachment-large size-large wp-image-1145\" alt=\"\" \/>\t\t\t\t\t\t\t\t\t\t\t\t\t\t\t<\/div>\n\t\t\t\t<\/div>\n\t\t\t\t<div class=\"elementor-element elementor-element-4c8e3bdd elementor-widget elementor-widget-heading\" data-id=\"4c8e3bdd\" data-element_type=\"widget\" data-e-type=\"widget\" data-widget_type=\"heading.default\">\n\t\t\t\t<div class=\"elementor-widget-container\">\n\t\t\t\t\t<h6 class=\"elementor-heading-title elementor-size-default\">A chi \u00e8 rivolto<\/h6>\t\t\t\t<\/div>\n\t\t\t\t<\/div>\n\t\t\t\t<div class=\"elementor-element elementor-element-3ae650d3 elementor-widget elementor-widget-heading\" data-id=\"3ae650d3\" data-element_type=\"widget\" data-e-type=\"widget\" data-widget_type=\"heading.default\">\n\t\t\t\t<div class=\"elementor-widget-container\">\n\t\t\t\t\t<h6 class=\"elementor-heading-title elementor-size-default\">il corso<\/h6>\t\t\t\t<\/div>\n\t\t\t\t<\/div>\n\t\t\t\t\t<\/div>\n\t\t<\/div>\n\t\t\t\t<div class=\"elementor-column elementor-col-66 elementor-top-column elementor-element elementor-element-4eb51256 colonna-dx-corso\" data-id=\"4eb51256\" data-element_type=\"column\" data-e-type=\"column\">\n\t\t\t<div class=\"elementor-widget-wrap elementor-element-populated\">\n\t\t\t\t\t\t<div class=\"elementor-element elementor-element-71739020 elementor-widget elementor-widget-text-editor\" data-id=\"71739020\" data-element_type=\"widget\" data-e-type=\"widget\" data-widget_type=\"text-editor.default\">\n\t\t\t\t<div class=\"elementor-widget-container\">\n\t\t\t\t\t\t\t\t\t<p>Il corso \u00e8 riservato a un massimo di <strong data-start=\"244\" data-end=\"263\">20 partecipanti<\/strong>, per assicurare un percorso formativo di qualit\u00e0, con attenzione personalizzata e un confronto diretto con i docenti. \u00c8 pensato per:<\/p><ul><li data-leveltext=\"\uf0b7\" data-font=\"Symbol\" data-listid=\"3\" data-list-defn-props=\"{&quot;335552541&quot;:1,&quot;335559685&quot;:720,&quot;335559991&quot;:360,&quot;469769226&quot;:&quot;Symbol&quot;,&quot;469769242&quot;:[8226],&quot;469777803&quot;:&quot;left&quot;,&quot;469777804&quot;:&quot;\uf0b7&quot;,&quot;469777815&quot;:&quot;multilevel&quot;}\" aria-setsize=\"-1\" data-aria-posinset=\"1\" data-aria-level=\"1\"><span data-contrast=\"none\">UX\/UI Designer in formazione\/aggiornamento professionale<\/span><span data-ccp-props=\"{&quot;134233117&quot;:false,&quot;134233118&quot;:false,&quot;201341983&quot;:0,&quot;335551550&quot;:6,&quot;335551620&quot;:6,&quot;335559738&quot;:0,&quot;335559739&quot;:0,&quot;335559740&quot;:240}\">\u00a0<\/span><\/li><\/ul><ul><li data-leveltext=\"\uf0b7\" data-font=\"Symbol\" data-listid=\"3\" data-list-defn-props=\"{&quot;335552541&quot;:1,&quot;335559685&quot;:720,&quot;335559991&quot;:360,&quot;469769226&quot;:&quot;Symbol&quot;,&quot;469769242&quot;:[8226],&quot;469777803&quot;:&quot;left&quot;,&quot;469777804&quot;:&quot;\uf0b7&quot;,&quot;469777815&quot;:&quot;multilevel&quot;}\" aria-setsize=\"-1\" data-aria-posinset=\"2\" data-aria-level=\"1\"><span data-contrast=\"none\">Sviluppatori Web e Mobile che vogliono migliorare le interfacce<\/span><span data-ccp-props=\"{&quot;134233117&quot;:false,&quot;134233118&quot;:false,&quot;201341983&quot;:0,&quot;335551550&quot;:6,&quot;335551620&quot;:6,&quot;335559738&quot;:0,&quot;335559739&quot;:0,&quot;335559740&quot;:240}\">\u00a0<\/span><\/li><\/ul><ul><li data-leveltext=\"\uf0b7\" data-font=\"Symbol\" data-listid=\"3\" data-list-defn-props=\"{&quot;335552541&quot;:1,&quot;335559685&quot;:720,&quot;335559991&quot;:360,&quot;469769226&quot;:&quot;Symbol&quot;,&quot;469769242&quot;:[8226],&quot;469777803&quot;:&quot;left&quot;,&quot;469777804&quot;:&quot;\uf0b7&quot;,&quot;469777815&quot;:&quot;multilevel&quot;}\" aria-setsize=\"-1\" data-aria-posinset=\"3\" data-aria-level=\"1\"><span data-contrast=\"none\">Marketer Digitali che desiderano aumentare engagement e conversioni<\/span><span data-ccp-props=\"{&quot;134233117&quot;:false,&quot;134233118&quot;:false,&quot;201341983&quot;:0,&quot;335551550&quot;:6,&quot;335551620&quot;:6,&quot;335559738&quot;:0,&quot;335559739&quot;:0,&quot;335559740&quot;:240}\">\u00a0<\/span><\/li><\/ul><ul><li data-leveltext=\"\uf0b7\" data-font=\"Symbol\" data-listid=\"3\" data-list-defn-props=\"{&quot;335552541&quot;:1,&quot;335559685&quot;:720,&quot;335559991&quot;:360,&quot;469769226&quot;:&quot;Symbol&quot;,&quot;469769242&quot;:[8226],&quot;469777803&quot;:&quot;left&quot;,&quot;469777804&quot;:&quot;\uf0b7&quot;,&quot;469777815&quot;:&quot;multilevel&quot;}\" aria-setsize=\"-1\" data-aria-posinset=\"4\" data-aria-level=\"1\"><span data-contrast=\"none\">Startup Founder che vogliono creare prodotti irresistibili<\/span><span data-ccp-props=\"{&quot;134233117&quot;:false,&quot;134233118&quot;:false,&quot;201341983&quot;:0,&quot;335551550&quot;:6,&quot;335551620&quot;:6,&quot;335559738&quot;:0,&quot;335559739&quot;:0,&quot;335559740&quot;:240}\">\u00a0<\/span><\/li><li data-leveltext=\"\uf0b7\" data-font=\"Symbol\" data-listid=\"3\" data-list-defn-props=\"{&quot;335552541&quot;:1,&quot;335559685&quot;:720,&quot;335559991&quot;:360,&quot;469769226&quot;:&quot;Symbol&quot;,&quot;469769242&quot;:[8226],&quot;469777803&quot;:&quot;left&quot;,&quot;469777804&quot;:&quot;\uf0b7&quot;,&quot;469777815&quot;:&quot;multilevel&quot;}\" aria-setsize=\"-1\" data-aria-posinset=\"5\" data-aria-level=\"1\"><span data-contrast=\"none\">Neolaureati in Design, Informatica, Comunicazione e\u00a0 Marketing<\/span><\/li><\/ul>\t\t\t\t\t\t\t\t<\/div>\n\t\t\t\t<\/div>\n\t\t\t\t\t<\/div>\n\t\t<\/div>\n\t\t\t\t\t<\/div>\n\t\t<\/section>\n\t\t\t\t<section class=\"elementor-section elementor-top-section elementor-element elementor-element-7ca30597 elementor-section-boxed elementor-section-height-default elementor-section-height-default\" data-id=\"7ca30597\" data-element_type=\"section\" data-e-type=\"section\" data-settings=\"{&quot;background_background&quot;:&quot;classic&quot;}\">\n\t\t\t\t\t\t<div class=\"elementor-container elementor-column-gap-default\">\n\t\t\t\t\t<div class=\"elementor-column elementor-col-33 elementor-top-column elementor-element elementor-element-7e1ae1b4\" data-id=\"7e1ae1b4\" data-element_type=\"column\" data-e-type=\"column\">\n\t\t\t<div class=\"elementor-widget-wrap elementor-element-populated\">\n\t\t\t\t\t\t<div class=\"elementor-element elementor-element-1e09cdb4 elementor-widget elementor-widget-image\" data-id=\"1e09cdb4\" data-element_type=\"widget\" data-e-type=\"widget\" data-widget_type=\"image.default\">\n\t\t\t\t<div class=\"elementor-widget-container\">\n\t\t\t\t\t\t\t\t\t\t\t\t\t\t\t<img decoding=\"async\" width=\"800\" height=\"800\" src=\"https:\/\/www.palazzoinnovazione.it\/wp-content\/uploads\/2022\/04\/corso_programma.svg\" class=\"attachment-large size-large wp-image-1143\" alt=\"\" \/>\t\t\t\t\t\t\t\t\t\t\t\t\t\t\t<\/div>\n\t\t\t\t<\/div>\n\t\t\t\t<div class=\"elementor-element elementor-element-5bb13637 elementor-widget elementor-widget-heading\" data-id=\"5bb13637\" data-element_type=\"widget\" data-e-type=\"widget\" data-widget_type=\"heading.default\">\n\t\t\t\t<div class=\"elementor-widget-container\">\n\t\t\t\t\t<h6 class=\"elementor-heading-title elementor-size-default\">Programma e metodologia<\/h6>\t\t\t\t<\/div>\n\t\t\t\t<\/div>\n\t\t\t\t<div class=\"elementor-element elementor-element-584e9d9b elementor-widget elementor-widget-heading\" data-id=\"584e9d9b\" data-element_type=\"widget\" data-e-type=\"widget\" data-widget_type=\"heading.default\">\n\t\t\t\t<div class=\"elementor-widget-container\">\n\t\t\t\t\t<h6 class=\"elementor-heading-title elementor-size-default\">del corso<\/h6>\t\t\t\t<\/div>\n\t\t\t\t<\/div>\n\t\t\t\t\t<\/div>\n\t\t<\/div>\n\t\t\t\t<div class=\"elementor-column elementor-col-66 elementor-top-column elementor-element elementor-element-459445eb colonna-dx-corso\" data-id=\"459445eb\" data-element_type=\"column\" data-e-type=\"column\">\n\t\t\t<div class=\"elementor-widget-wrap elementor-element-populated\">\n\t\t\t\t\t\t<div class=\"elementor-element elementor-element-3cc634d4 elementor-widget elementor-widget-text-editor\" data-id=\"3cc634d4\" data-element_type=\"widget\" data-e-type=\"widget\" data-widget_type=\"text-editor.default\">\n\t\t\t\t<div class=\"elementor-widget-container\">\n\t\t\t\t\t\t\t\t\t<p><span data-olk-copy-source=\"MessageBody\">Il programma alterna\u00a0<strong>lezioni frontali, esercitazioni pratiche e un vero project work<\/strong>.\u00a0<\/span>I partecipanti saranno chiamati a sviluppare un progetto completo su un brief reale, supportati da designer e consulenti esperti. Il percorso si conclude con una sessione di presentazione e feedback, elemento fondamentale per simulare un vero processo di lavoro in team digitali e creativi.<\/p>\t\t\t\t\t\t\t\t<\/div>\n\t\t\t\t<\/div>\n\t\t\t\t<div class=\"elementor-element elementor-element-30a5e67d elementor-widget elementor-widget-accordion\" data-id=\"30a5e67d\" data-element_type=\"widget\" data-e-type=\"widget\" data-widget_type=\"accordion.default\">\n\t\t\t\t<div class=\"elementor-widget-container\">\n\t\t\t\t\t\t\t<div class=\"elementor-accordion\">\n\t\t\t\t\t\t\t<div class=\"elementor-accordion-item\">\n\t\t\t\t\t<div id=\"elementor-tab-title-8161\" class=\"elementor-tab-title\" data-tab=\"1\" role=\"button\" aria-controls=\"elementor-tab-content-8161\" aria-expanded=\"false\">\n\t\t\t\t\t\t\t\t\t\t\t\t\t<span class=\"elementor-accordion-icon elementor-accordion-icon-left\" aria-hidden=\"true\">\n\t\t\t\t\t\t\t\t\t\t\t\t\t\t\t<span class=\"elementor-accordion-icon-closed\"><i class=\"fas fa-plus\"><\/i><\/span>\n\t\t\t\t\t\t\t\t<span class=\"elementor-accordion-icon-opened\"><i class=\"fas fa-minus\"><\/i><\/span>\n\t\t\t\t\t\t\t\t\t\t\t\t\t\t<\/span>\n\t\t\t\t\t\t\t\t\t\t\t\t<a class=\"elementor-accordion-title\" tabindex=\"0\">Giornata 1 \u2013 Fondamenti di UX, personal branding e media<\/a>\n\t\t\t\t\t<\/div>\n\t\t\t\t\t<div id=\"elementor-tab-content-8161\" class=\"elementor-tab-content elementor-clearfix\" data-tab=\"1\" role=\"region\" aria-labelledby=\"elementor-tab-title-8161\"><ul><li><strong>09:00<\/strong> \u2013 Benvenuto, presentazioni e condivisione degli obiettivi<\/li><li><strong>09:30<\/strong> \u2013 <em>Riconoscersi professionisti<\/em>: l\u2019importanza del personal branding<\/li><li><strong>10:30<\/strong> \u2013 Tipologie di media digitali e impatto sul design dell&#8217;esperienza utente. Case studies.<\/li><li><strong>11:30<\/strong> \u2013 Interaction Design per dispositivi mobili: differenze e sfide tra smartphone, tablet, wearable<\/li><li><strong>12:30<\/strong> \u2013 Principi di accessibilit\u00e0 digitale: WCAG, normativa, esempi<\/li><li><strong>13:30<\/strong> \u2013 <em>Pausa pranzo<\/em><\/li><li><strong>14:30<\/strong> \u2013 Esercitazione: valutazione dell&#8217;accessibilit\u00e0 su interfacce esistenti<\/li><li><strong>16:30<\/strong> \u2013 Introduzione al progetto e interpretazione del briefing<\/li><li><strong>17:00<\/strong> \u2013 Chiusura delle attivit\u00e0<\/li><\/ul><\/div>\n\t\t\t\t<\/div>\n\t\t\t\t\t\t\t<div class=\"elementor-accordion-item\">\n\t\t\t\t\t<div id=\"elementor-tab-title-8162\" class=\"elementor-tab-title\" data-tab=\"2\" role=\"button\" aria-controls=\"elementor-tab-content-8162\" aria-expanded=\"false\">\n\t\t\t\t\t\t\t\t\t\t\t\t\t<span class=\"elementor-accordion-icon elementor-accordion-icon-left\" aria-hidden=\"true\">\n\t\t\t\t\t\t\t\t\t\t\t\t\t\t\t<span class=\"elementor-accordion-icon-closed\"><i class=\"fas fa-plus\"><\/i><\/span>\n\t\t\t\t\t\t\t\t<span class=\"elementor-accordion-icon-opened\"><i class=\"fas fa-minus\"><\/i><\/span>\n\t\t\t\t\t\t\t\t\t\t\t\t\t\t<\/span>\n\t\t\t\t\t\t\t\t\t\t\t\t<a class=\"elementor-accordion-title\" tabindex=\"0\">Giornata 2 \u2013 Ricerca utente e architettura dell\u2019informazione<\/a>\n\t\t\t\t\t<\/div>\n\t\t\t\t\t<div id=\"elementor-tab-content-8162\" class=\"elementor-tab-content elementor-clearfix\" data-tab=\"2\" role=\"region\" aria-labelledby=\"elementor-tab-title-8162\"><ul><li><strong>09:00 <\/strong>&#8211; User Personas e Buyer Personas: differenze, creazione,<\/li><li><strong>10:00 <\/strong>&#8211; Scenari e Storytelling UX: definizione e<\/li><li><strong>11:00<\/strong> &#8211; Customer Journey Map: strumenti e best<\/li><li><strong>12:00 <\/strong>&#8211; Esercitazione: costruzione di personas e customer journey per progetto<\/li><li><strong>13:30<\/strong> &#8211; Pausa<\/li><li><strong>14:30<\/strong> &#8211; Architettura dell&#8217;informazione: principi, modelli e card<\/li><li><strong>15:30 <\/strong>&#8211; Esercitazione di utilizzo di FigJam per creazione moodboard e architettura dell\u2019informazione.<\/li><li><strong>17:00 \u2013<\/strong> chiusura delle attivit\u00e0<\/li><\/ul><\/div>\n\t\t\t\t<\/div>\n\t\t\t\t\t\t\t<div class=\"elementor-accordion-item\">\n\t\t\t\t\t<div id=\"elementor-tab-title-8163\" class=\"elementor-tab-title\" data-tab=\"3\" role=\"button\" aria-controls=\"elementor-tab-content-8163\" aria-expanded=\"false\">\n\t\t\t\t\t\t\t\t\t\t\t\t\t<span class=\"elementor-accordion-icon elementor-accordion-icon-left\" aria-hidden=\"true\">\n\t\t\t\t\t\t\t\t\t\t\t\t\t\t\t<span class=\"elementor-accordion-icon-closed\"><i class=\"fas fa-plus\"><\/i><\/span>\n\t\t\t\t\t\t\t\t<span class=\"elementor-accordion-icon-opened\"><i class=\"fas fa-minus\"><\/i><\/span>\n\t\t\t\t\t\t\t\t\t\t\t\t\t\t<\/span>\n\t\t\t\t\t\t\t\t\t\t\t\t<a class=\"elementor-accordion-title\" tabindex=\"0\">Giornata 3 \u2013 Wireframe e prototipazione<\/a>\n\t\t\t\t\t<\/div>\n\t\t\t\t\t<div id=\"elementor-tab-content-8163\" class=\"elementor-tab-content elementor-clearfix\" data-tab=\"3\" role=\"region\" aria-labelledby=\"elementor-tab-title-8163\"><ul><li><strong>09:00<\/strong> \u2013 Introduzione al wireframing: differenze tra low e high fidelity<\/li><li><strong>10:00<\/strong> \u2013 Strumenti analogici: matita, penna e quaderno UX [Esercitazione]<\/li><li><strong>11:00<\/strong> \u2013 Introduzione a Figma e ai software digitali di wireframing<\/li><li><strong>12:30<\/strong> \u2013 Esercitazione in gruppi: creazione di wireframe low-fidelity<\/li><li><strong>13:30<\/strong> \u2013 <em>Pausa pranzo<\/em><\/li><li><strong>14:30<\/strong> \u2013 Creazione dei frame e delle pagine su Figma<\/li><li><strong>15:30<\/strong> \u2013 Debriefing: confronto tra soluzioni progettuali<\/li><li><strong>16:30<\/strong> \u2013 Il valore del network e delle community professionali<\/li><li><strong>17:00<\/strong> \u2013 Aperitivo di networking<\/li><\/ul><\/div>\n\t\t\t\t<\/div>\n\t\t\t\t\t\t\t<div class=\"elementor-accordion-item\">\n\t\t\t\t\t<div id=\"elementor-tab-title-8164\" class=\"elementor-tab-title\" data-tab=\"4\" role=\"button\" aria-controls=\"elementor-tab-content-8164\" aria-expanded=\"false\">\n\t\t\t\t\t\t\t\t\t\t\t\t\t<span class=\"elementor-accordion-icon elementor-accordion-icon-left\" aria-hidden=\"true\">\n\t\t\t\t\t\t\t\t\t\t\t\t\t\t\t<span class=\"elementor-accordion-icon-closed\"><i class=\"fas fa-plus\"><\/i><\/span>\n\t\t\t\t\t\t\t\t<span class=\"elementor-accordion-icon-opened\"><i class=\"fas fa-minus\"><\/i><\/span>\n\t\t\t\t\t\t\t\t\t\t\t\t\t\t<\/span>\n\t\t\t\t\t\t\t\t\t\t\t\t<a class=\"elementor-accordion-title\" tabindex=\"0\">Giornata 4 \u2013 UI Design e Design System<\/a>\n\t\t\t\t\t<\/div>\n\t\t\t\t\t<div id=\"elementor-tab-content-8164\" class=\"elementor-tab-content elementor-clearfix\" data-tab=\"4\" role=\"region\" aria-labelledby=\"elementor-tab-title-8164\"><ul><li><strong>09:00<\/strong> \u2013 UI\/UX Design con Figma: strumenti e logiche<\/li><li><strong>10:00<\/strong> \u2013 Design System e Atomic Design: definizioni e casi studio (es. Google Material Design)<\/li><li><strong>11:00<\/strong> \u2013 Organizzazione delle componenti: colori, tipografie, spacing<\/li><li><strong>12:00<\/strong> \u2013 Best practices per la gestione delle risorse e dei file in Figma<\/li><li><strong>13:00<\/strong> \u2013 <em>Pausa pranzo<\/em><\/li><li><strong>14:00<\/strong> \u2013 Esercitazione: costruzione di una mini libreria UI kit in Figma<\/li><li><strong>15:00<\/strong> \u2013 Project Working: definizione degli elementi di UI<\/li><li><strong>16:00<\/strong> \u2013 Discussione e feedback live sui progetti<\/li><li><strong>17:00<\/strong> \u2013 Chiusura delle attivit\u00e0<\/li><\/ul><\/div>\n\t\t\t\t<\/div>\n\t\t\t\t\t\t\t<div class=\"elementor-accordion-item\">\n\t\t\t\t\t<div id=\"elementor-tab-title-8165\" class=\"elementor-tab-title\" data-tab=\"5\" role=\"button\" aria-controls=\"elementor-tab-content-8165\" aria-expanded=\"false\">\n\t\t\t\t\t\t\t\t\t\t\t\t\t<span class=\"elementor-accordion-icon elementor-accordion-icon-left\" aria-hidden=\"true\">\n\t\t\t\t\t\t\t\t\t\t\t\t\t\t\t<span class=\"elementor-accordion-icon-closed\"><i class=\"fas fa-plus\"><\/i><\/span>\n\t\t\t\t\t\t\t\t<span class=\"elementor-accordion-icon-opened\"><i class=\"fas fa-minus\"><\/i><\/span>\n\t\t\t\t\t\t\t\t\t\t\t\t\t\t<\/span>\n\t\t\t\t\t\t\t\t\t\t\t\t<a class=\"elementor-accordion-title\" tabindex=\"0\">Giornata 5 \u2013 UI avanzata, ottimizzazione e presentazioni finali<\/a>\n\t\t\t\t\t<\/div>\n\t\t\t\t\t<div id=\"elementor-tab-content-8165\" class=\"elementor-tab-content elementor-clearfix\" data-tab=\"5\" role=\"region\" aria-labelledby=\"elementor-tab-title-8165\"><ul><li><strong>09:00<\/strong> \u2013 Adobe Photoshop e Illustrator per supportare lo UI Design<\/li><li><strong>10:00<\/strong> \u2013 Ottimizzazione e preparazione degli asset grafici per il web<\/li><li><strong>11:00<\/strong> \u2013 Grid system e auto-layout su Figma<\/li><li><strong>12:00<\/strong> \u2013 UI Pattern e Component: creazione e utilizzo<\/li><li><strong>13:00<\/strong> \u2013 <em>Pausa pranzo<\/em><\/li><li><strong>14:00<\/strong> \u2013 Project Working: rifinitura dei prototipi e preparazione alla presentazione<\/li><li><strong>15:00<\/strong> \u2013 Presentazione dei progetti finali<\/li><li><strong>16:00<\/strong> \u2013 Feedback dei docenti e revisori + panoramica su Dev Mode<\/li><li><strong>17:00<\/strong> \u2013 Consegna attestati e aperitivo di chiusura<\/li><\/ul><\/div>\n\t\t\t\t<\/div>\n\t\t\t\t\t\t\t\t<\/div>\n\t\t\t\t\t\t<\/div>\n\t\t\t\t<\/div>\n\t\t\t\t\t<\/div>\n\t\t<\/div>\n\t\t\t\t\t<\/div>\n\t\t<\/section>\n\t\t\t\t<section class=\"elementor-section elementor-top-section elementor-element elementor-element-3c712b5d elementor-section-boxed elementor-section-height-default elementor-section-height-default\" data-id=\"3c712b5d\" data-element_type=\"section\" data-e-type=\"section\">\n\t\t\t\t\t\t<div class=\"elementor-container elementor-column-gap-default\">\n\t\t\t\t\t<div class=\"elementor-column elementor-col-33 elementor-top-column elementor-element elementor-element-30243e05\" data-id=\"30243e05\" data-element_type=\"column\" data-e-type=\"column\">\n\t\t\t<div class=\"elementor-widget-wrap elementor-element-populated\">\n\t\t\t\t\t\t<div class=\"elementor-element elementor-element-6700a0b2 elementor-widget elementor-widget-image\" data-id=\"6700a0b2\" data-element_type=\"widget\" data-e-type=\"widget\" data-widget_type=\"image.default\">\n\t\t\t\t<div class=\"elementor-widget-container\">\n\t\t\t\t\t\t\t\t\t\t\t\t\t\t\t<img decoding=\"async\" width=\"800\" height=\"800\" src=\"https:\/\/www.palazzoinnovazione.it\/wp-content\/uploads\/2022\/05\/icona-metodologia.svg\" class=\"attachment-large size-large wp-image-1634\" alt=\"\" \/>\t\t\t\t\t\t\t\t\t\t\t\t\t\t\t<\/div>\n\t\t\t\t<\/div>\n\t\t\t\t<div class=\"elementor-element elementor-element-6cba7807 elementor-widget elementor-widget-heading\" data-id=\"6cba7807\" data-element_type=\"widget\" data-e-type=\"widget\" data-widget_type=\"heading.default\">\n\t\t\t\t<div class=\"elementor-widget-container\">\n\t\t\t\t\t<h6 class=\"elementor-heading-title elementor-size-default\">Obiettivi<\/h6>\t\t\t\t<\/div>\n\t\t\t\t<\/div>\n\t\t\t\t<div class=\"elementor-element elementor-element-4e96faa7 elementor-widget elementor-widget-heading\" data-id=\"4e96faa7\" data-element_type=\"widget\" data-e-type=\"widget\" data-widget_type=\"heading.default\">\n\t\t\t\t<div class=\"elementor-widget-container\">\n\t\t\t\t\t<h6 class=\"elementor-heading-title elementor-size-default\">del corso<\/h6>\t\t\t\t<\/div>\n\t\t\t\t<\/div>\n\t\t\t\t\t<\/div>\n\t\t<\/div>\n\t\t\t\t<div class=\"elementor-column elementor-col-66 elementor-top-column elementor-element elementor-element-73bc36d8 colonna-dx-corso\" data-id=\"73bc36d8\" data-element_type=\"column\" data-e-type=\"column\">\n\t\t\t<div class=\"elementor-widget-wrap elementor-element-populated\">\n\t\t\t\t\t\t<div class=\"elementor-element elementor-element-15fa6fe elementor-list-item-link-full_width elementor-widget elementor-widget-icon-list\" data-id=\"15fa6fe\" data-element_type=\"widget\" data-e-type=\"widget\" data-widget_type=\"icon-list.default\">\n\t\t\t\t<div class=\"elementor-widget-container\">\n\t\t\t\t\t\t\t<ul class=\"elementor-icon-list-items\">\n\t\t\t\t\t\t\t<li class=\"elementor-icon-list-item\">\n\t\t\t\t\t\t\t\t\t\t\t<span class=\"elementor-icon-list-icon\">\n\t\t\t\t\t\t\t<i aria-hidden=\"true\" class=\"fas fa-check\"><\/i>\t\t\t\t\t\t<\/span>\n\t\t\t\t\t\t\t\t\t\t<span class=\"elementor-icon-list-text\">Progettare esperienze digitali efficaci, intuitive e orientate all\u2019utente<\/span>\n\t\t\t\t\t\t\t\t\t<\/li>\n\t\t\t\t\t\t\t\t<li class=\"elementor-icon-list-item\">\n\t\t\t\t\t\t\t\t\t\t\t<span class=\"elementor-icon-list-icon\">\n\t\t\t\t\t\t\t<i aria-hidden=\"true\" class=\"fas fa-check\"><\/i>\t\t\t\t\t\t<\/span>\n\t\t\t\t\t\t\t\t\t\t<span class=\"elementor-icon-list-text\">Tradurre insight e dati in soluzioni visive accessibili e funzionali<\/span>\n\t\t\t\t\t\t\t\t\t<\/li>\n\t\t\t\t\t\t\t\t<li class=\"elementor-icon-list-item\">\n\t\t\t\t\t\t\t\t\t\t\t<span class=\"elementor-icon-list-icon\">\n\t\t\t\t\t\t\t<i aria-hidden=\"true\" class=\"fas fa-check\"><\/i>\t\t\t\t\t\t<\/span>\n\t\t\t\t\t\t\t\t\t\t<span class=\"elementor-icon-list-text\">Padroneggiare strumenti professionali di prototipazione, per ideare, visualizzare e testare interfacce interattive<\/span>\n\t\t\t\t\t\t\t\t\t<\/li>\n\t\t\t\t\t\t\t\t<li class=\"elementor-icon-list-item\">\n\t\t\t\t\t\t\t\t\t\t\t<span class=\"elementor-icon-list-icon\">\n\t\t\t\t\t\t\t<i aria-hidden=\"true\" class=\"fas fa-check\"><\/i>\t\t\t\t\t\t<\/span>\n\t\t\t\t\t\t\t\t\t\t<span class=\"elementor-icon-list-text\">Sviluppare competenze trasversali: pensiero critico, collaborazione, storytelling visivo<\/span>\n\t\t\t\t\t\t\t\t\t<\/li>\n\t\t\t\t\t\t\t\t<li class=\"elementor-icon-list-item\">\n\t\t\t\t\t\t\t\t\t\t\t<span class=\"elementor-icon-list-icon\">\n\t\t\t\t\t\t\t<i aria-hidden=\"true\" class=\"fas fa-check\"><\/i>\t\t\t\t\t\t<\/span>\n\t\t\t\t\t\t\t\t\t\t<span class=\"elementor-icon-list-text\">Costruire un mindset progettuale solido, pronto per affrontare le sfide del digital design<\/span>\n\t\t\t\t\t\t\t\t\t<\/li>\n\t\t\t\t\t\t<\/ul>\n\t\t\t\t\t\t<\/div>\n\t\t\t\t<\/div>\n\t\t\t\t\t<\/div>\n\t\t<\/div>\n\t\t\t\t\t<\/div>\n\t\t<\/section>\n\t\t\t\t<section class=\"elementor-section elementor-top-section elementor-element elementor-element-1caf21c elementor-section-boxed elementor-section-height-default elementor-section-height-default\" data-id=\"1caf21c\" data-element_type=\"section\" data-e-type=\"section\">\n\t\t\t\t\t\t<div class=\"elementor-container elementor-column-gap-default\">\n\t\t\t\t\t<div class=\"elementor-column elementor-col-33 elementor-top-column elementor-element elementor-element-64483691\" data-id=\"64483691\" data-element_type=\"column\" data-e-type=\"column\">\n\t\t\t<div class=\"elementor-widget-wrap elementor-element-populated\">\n\t\t\t\t\t\t<div class=\"elementor-element elementor-element-1b5350af elementor-widget elementor-widget-image\" data-id=\"1b5350af\" data-element_type=\"widget\" data-e-type=\"widget\" data-widget_type=\"image.default\">\n\t\t\t\t<div class=\"elementor-widget-container\">\n\t\t\t\t\t\t\t\t\t\t\t\t\t\t\t<img loading=\"lazy\" decoding=\"async\" width=\"800\" height=\"625\" src=\"https:\/\/www.palazzoinnovazione.it\/wp-content\/uploads\/2022\/05\/icona-docente.svg\" class=\"attachment-large size-large wp-image-1635\" alt=\"\" \/>\t\t\t\t\t\t\t\t\t\t\t\t\t\t\t<\/div>\n\t\t\t\t<\/div>\n\t\t\t\t<div class=\"elementor-element elementor-element-3f45b9b3 elementor-widget elementor-widget-heading\" data-id=\"3f45b9b3\" data-element_type=\"widget\" data-e-type=\"widget\" data-widget_type=\"heading.default\">\n\t\t\t\t<div class=\"elementor-widget-container\">\n\t\t\t\t\t<h6 class=\"elementor-heading-title elementor-size-default\">Docenti<\/h6>\t\t\t\t<\/div>\n\t\t\t\t<\/div>\n\t\t\t\t<div class=\"elementor-element elementor-element-59f64b7a elementor-widget elementor-widget-heading\" data-id=\"59f64b7a\" data-element_type=\"widget\" data-e-type=\"widget\" data-widget_type=\"heading.default\">\n\t\t\t\t<div class=\"elementor-widget-container\">\n\t\t\t\t\t<h6 class=\"elementor-heading-title elementor-size-default\"> del corso<\/h6>\t\t\t\t<\/div>\n\t\t\t\t<\/div>\n\t\t\t\t<div class=\"elementor-element elementor-element-9c0d805 elementor-widget elementor-widget-spacer\" data-id=\"9c0d805\" data-element_type=\"widget\" data-e-type=\"widget\" data-widget_type=\"spacer.default\">\n\t\t\t\t<div class=\"elementor-widget-container\">\n\t\t\t\t\t\t\t<div class=\"elementor-spacer\">\n\t\t\t<div class=\"elementor-spacer-inner\"><\/div>\n\t\t<\/div>\n\t\t\t\t\t\t<\/div>\n\t\t\t\t<\/div>\n\t\t\t\t\t<\/div>\n\t\t<\/div>\n\t\t\t\t<div class=\"elementor-column elementor-col-66 elementor-top-column elementor-element elementor-element-376e2c50 colonna-dx-corso\" data-id=\"376e2c50\" data-element_type=\"column\" data-e-type=\"column\">\n\t\t\t<div class=\"elementor-widget-wrap elementor-element-populated\">\n\t\t\t\t\t\t<div class=\"elementor-element elementor-element-56f3569 elementor-widget elementor-widget-text-editor\" data-id=\"56f3569\" data-element_type=\"widget\" data-e-type=\"widget\" data-widget_type=\"text-editor.default\">\n\t\t\t\t<div class=\"elementor-widget-container\">\n\t\t\t\t\t\t\t\t\t<p><strong data-start=\"315\" data-end=\"373\">Professionisti che progettano il digitale ogni giorno.<\/strong><\/p><p>A guidarti nel percorso sar\u00e0 <a href=\"https:\/\/www.biagiodistefano.com\/\"><strong data-start=\"484\" data-end=\"505\">Biagio Di Stefano<\/strong><\/a>.<\/p><p>Insieme a lui, i designer di <strong data-start=\"584\" data-end=\"606\"><a href=\"https:\/\/tangity.global\/\">Tangity<\/a> \u2013 <span class=\"OYPEnA font-feature-liga-off font-feature-clig-off font-feature-calt-off text-decoration-none text-strikethrough-none\">parte del network design <a href=\"https:\/\/it.nttdata.com\/\">NTT DATA<\/a><\/span><\/strong> che porteranno in aula:<\/p><ul><li>strumenti professionali e framework proprietari,<\/li><li>casi concreti sviluppati per brand di rilievo globale<\/li><li>una visione progettuale maturata in contesti interazionali e multiculturali<\/li><\/ul>\t\t\t\t\t\t\t\t<\/div>\n\t\t\t\t<\/div>\n\t\t\t\t<section class=\"elementor-section elementor-inner-section elementor-element elementor-element-34328389 elementor-section-boxed elementor-section-height-default elementor-section-height-default\" data-id=\"34328389\" data-element_type=\"section\" data-e-type=\"section\">\n\t\t\t\t\t\t<div class=\"elementor-container elementor-column-gap-default\">\n\t\t\t\t\t<div class=\"elementor-column elementor-col-50 elementor-inner-column elementor-element elementor-element-9e7857e\" data-id=\"9e7857e\" data-element_type=\"column\" data-e-type=\"column\">\n\t\t\t<div class=\"elementor-widget-wrap elementor-element-populated\">\n\t\t\t\t\t\t<div class=\"elementor-element elementor-element-4a9259f8 elementor-widget elementor-widget-image\" data-id=\"4a9259f8\" data-element_type=\"widget\" data-e-type=\"widget\" data-widget_type=\"image.default\">\n\t\t\t\t<div class=\"elementor-widget-container\">\n\t\t\t\t\t\t\t\t\t\t\t\t\t\t\t\t<a href=\"https:\/\/www.linkedin.com\/in\/biagiodistefano\/\">\n\t\t\t\t\t\t\t<img loading=\"lazy\" decoding=\"async\" width=\"576\" height=\"1024\" src=\"https:\/\/www.palazzoinnovazione.it\/wp-content\/uploads\/2025\/09\/Biagio-Di-Stefano-UI-UX-Palazzo-Innovazione_-576x1024.png\" class=\"attachment-large size-large wp-image-7606\" alt=\"\" srcset=\"https:\/\/www.palazzoinnovazione.it\/wp-content\/uploads\/2025\/09\/Biagio-Di-Stefano-UI-UX-Palazzo-Innovazione_-576x1024.png 576w, https:\/\/www.palazzoinnovazione.it\/wp-content\/uploads\/2025\/09\/Biagio-Di-Stefano-UI-UX-Palazzo-Innovazione_-169x300.png 169w, https:\/\/www.palazzoinnovazione.it\/wp-content\/uploads\/2025\/09\/Biagio-Di-Stefano-UI-UX-Palazzo-Innovazione_-768x1365.png 768w, https:\/\/www.palazzoinnovazione.it\/wp-content\/uploads\/2025\/09\/Biagio-Di-Stefano-UI-UX-Palazzo-Innovazione_-864x1536.png 864w, https:\/\/www.palazzoinnovazione.it\/wp-content\/uploads\/2025\/09\/Biagio-Di-Stefano-UI-UX-Palazzo-Innovazione_.png 1081w\" sizes=\"(max-width: 576px) 100vw, 576px\" \/>\t\t\t\t\t\t\t\t<\/a>\n\t\t\t\t\t\t\t\t\t\t\t\t\t\t\t<\/div>\n\t\t\t\t<\/div>\n\t\t\t\t<div class=\"elementor-element elementor-element-df1532d elementor-widget elementor-widget-accordion\" data-id=\"df1532d\" data-element_type=\"widget\" data-e-type=\"widget\" data-widget_type=\"accordion.default\">\n\t\t\t\t<div class=\"elementor-widget-container\">\n\t\t\t\t\t\t\t<div class=\"elementor-accordion\">\n\t\t\t\t\t\t\t<div class=\"elementor-accordion-item\">\n\t\t\t\t\t<div id=\"elementor-tab-title-2331\" class=\"elementor-tab-title\" data-tab=\"1\" role=\"button\" aria-controls=\"elementor-tab-content-2331\" aria-expanded=\"false\">\n\t\t\t\t\t\t\t\t\t\t\t\t\t<span class=\"elementor-accordion-icon elementor-accordion-icon-left\" aria-hidden=\"true\">\n\t\t\t\t\t\t\t\t\t\t\t\t\t\t\t<span class=\"elementor-accordion-icon-closed\"><i class=\"fas fa-plus\"><\/i><\/span>\n\t\t\t\t\t\t\t\t<span class=\"elementor-accordion-icon-opened\"><i class=\"fas fa-minus\"><\/i><\/span>\n\t\t\t\t\t\t\t\t\t\t\t\t\t\t<\/span>\n\t\t\t\t\t\t\t\t\t\t\t\t<a class=\"elementor-accordion-title\" tabindex=\"0\">Biagio Di Stefano<\/a>\n\t\t\t\t\t<\/div>\n\t\t\t\t\t<div id=\"elementor-tab-content-2331\" class=\"elementor-tab-content elementor-clearfix\" data-tab=\"1\" role=\"region\" aria-labelledby=\"elementor-tab-title-2331\"><p data-start=\"311\" data-end=\"409\"><em data-start=\"311\" data-end=\"407\">Art Director \u00b7 Adobe Certified Instructor \u00b7 UX\/UI Designer \u00b7 Community Leader Friends of Figma<\/em><\/p><p data-start=\"411\" data-end=\"845\">Adobe Certified Instructor dal 2009, Biagio Di Stefano \u00e8 un art director e UX\/UI designer con una lunga esperienza nella progettazione visiva, nella brand identity e nel design delle interfacce. Docente presso la Scuola Internazionale di Comics di Napoli e Ambassador AIAP, ha formato centinaia di studenti e professionisti collaborando con centri autorizzati Adobe e universit\u00e0 come Suor Orsola Benincasa e l\u2019Universit\u00e0 di Salerno.<\/p><p data-start=\"847\" data-end=\"1079\">Attivo nelle principali community internazionali di design \u2014 tra cui IxDA e <strong data-start=\"923\" data-end=\"943\">Friends of Figma<\/strong>, dove ricopre ruoli di leadership e advocacy \u2014 contribuisce alla diffusione di una cultura progettuale contemporanea e collaborativa.<\/p><p data-start=\"1081\" data-end=\"1300\">Autore di contenuti formativi e relatore in eventi nazionali, combina creativit\u00e0 e metodo guidando i partecipanti nello sviluppo di interfacce funzionali, accessibili e allineate ai linguaggi attuali del digital design.<\/p><\/div>\n\t\t\t\t<\/div>\n\t\t\t\t\t\t\t\t\t\t<script type=\"application\/ld+json\">{\"@context\":\"https:\\\/\\\/schema.org\",\"@type\":\"FAQPage\",\"mainEntity\":[{\"@type\":\"Question\",\"name\":\"Biagio Di Stefano\",\"acceptedAnswer\":{\"@type\":\"Answer\",\"text\":\"<p data-start=\\\"311\\\" data-end=\\\"409\\\"><em data-start=\\\"311\\\" data-end=\\\"407\\\">Art Director \\u00b7 Adobe Certified Instructor \\u00b7 UX\\\/UI Designer \\u00b7 Community Leader Friends of Figma<\\\/em><\\\/p><p data-start=\\\"411\\\" data-end=\\\"845\\\">Adobe Certified Instructor dal 2009, Biagio Di Stefano \\u00e8 un art director e UX\\\/UI designer con una lunga esperienza nella progettazione visiva, nella brand identity e nel design delle interfacce. Docente presso la Scuola Internazionale di Comics di Napoli e Ambassador AIAP, ha formato centinaia di studenti e professionisti collaborando con centri autorizzati Adobe e universit\\u00e0 come Suor Orsola Benincasa e l\\u2019Universit\\u00e0 di Salerno.<\\\/p><p data-start=\\\"847\\\" data-end=\\\"1079\\\">Attivo nelle principali community internazionali di design \\u2014 tra cui IxDA e <strong data-start=\\\"923\\\" data-end=\\\"943\\\">Friends of Figma<\\\/strong>, dove ricopre ruoli di leadership e advocacy \\u2014 contribuisce alla diffusione di una cultura progettuale contemporanea e collaborativa.<\\\/p><p data-start=\\\"1081\\\" data-end=\\\"1300\\\">Autore di contenuti formativi e relatore in eventi nazionali, combina creativit\\u00e0 e metodo guidando i partecipanti nello sviluppo di interfacce funzionali, accessibili e allineate ai linguaggi attuali del digital design.<\\\/p>\"}}]}<\/script>\n\t\t\t\t\t<\/div>\n\t\t\t\t\t\t<\/div>\n\t\t\t\t<\/div>\n\t\t\t\t\t<\/div>\n\t\t<\/div>\n\t\t\t\t<div class=\"elementor-column elementor-col-50 elementor-inner-column elementor-element elementor-element-99e1b72\" data-id=\"99e1b72\" data-element_type=\"column\" data-e-type=\"column\">\n\t\t\t<div class=\"elementor-widget-wrap elementor-element-populated\">\n\t\t\t\t\t\t<div class=\"elementor-element elementor-element-af31791 elementor-widget elementor-widget-image\" data-id=\"af31791\" data-element_type=\"widget\" data-e-type=\"widget\" data-widget_type=\"image.default\">\n\t\t\t\t<div class=\"elementor-widget-container\">\n\t\t\t\t\t\t\t\t\t\t\t\t\t\t\t<img loading=\"lazy\" decoding=\"async\" width=\"576\" height=\"1024\" src=\"https:\/\/www.palazzoinnovazione.it\/wp-content\/uploads\/2025\/10\/Alessandro-Prevati-NTT-Data-2-576x1024.png\" class=\"attachment-large size-large wp-image-7815\" alt=\"\" srcset=\"https:\/\/www.palazzoinnovazione.it\/wp-content\/uploads\/2025\/10\/Alessandro-Prevati-NTT-Data-2-576x1024.png 576w, https:\/\/www.palazzoinnovazione.it\/wp-content\/uploads\/2025\/10\/Alessandro-Prevati-NTT-Data-2-169x300.png 169w, https:\/\/www.palazzoinnovazione.it\/wp-content\/uploads\/2025\/10\/Alessandro-Prevati-NTT-Data-2-768x1365.png 768w, https:\/\/www.palazzoinnovazione.it\/wp-content\/uploads\/2025\/10\/Alessandro-Prevati-NTT-Data-2-864x1536.png 864w, https:\/\/www.palazzoinnovazione.it\/wp-content\/uploads\/2025\/10\/Alessandro-Prevati-NTT-Data-2.png 1081w\" sizes=\"(max-width: 576px) 100vw, 576px\" \/>\t\t\t\t\t\t\t\t\t\t\t\t\t\t\t<\/div>\n\t\t\t\t<\/div>\n\t\t\t\t<div class=\"elementor-element elementor-element-a3dfcf9 elementor-widget elementor-widget-accordion\" data-id=\"a3dfcf9\" data-element_type=\"widget\" data-e-type=\"widget\" data-widget_type=\"accordion.default\">\n\t\t\t\t<div class=\"elementor-widget-container\">\n\t\t\t\t\t\t\t<div class=\"elementor-accordion\">\n\t\t\t\t\t\t\t<div class=\"elementor-accordion-item\">\n\t\t\t\t\t<div id=\"elementor-tab-title-1711\" class=\"elementor-tab-title\" data-tab=\"1\" role=\"button\" aria-controls=\"elementor-tab-content-1711\" aria-expanded=\"false\">\n\t\t\t\t\t\t\t\t\t\t\t\t\t<span class=\"elementor-accordion-icon elementor-accordion-icon-left\" aria-hidden=\"true\">\n\t\t\t\t\t\t\t\t\t\t\t\t\t\t\t<span class=\"elementor-accordion-icon-closed\"><i class=\"fas fa-plus\"><\/i><\/span>\n\t\t\t\t\t\t\t\t<span class=\"elementor-accordion-icon-opened\"><i class=\"fas fa-minus\"><\/i><\/span>\n\t\t\t\t\t\t\t\t\t\t\t\t\t\t<\/span>\n\t\t\t\t\t\t\t\t\t\t\t\t<a class=\"elementor-accordion-title\" tabindex=\"0\">Alessandro Previati<\/a>\n\t\t\t\t\t<\/div>\n\t\t\t\t\t<div id=\"elementor-tab-content-1711\" class=\"elementor-tab-content elementor-clearfix\" data-tab=\"1\" role=\"region\" aria-labelledby=\"elementor-tab-title-1711\"><p><em>Service &amp; UX Designer \u00b7 Tangity part of NTT DATA<\/em><\/p><p>Service &amp; UX Designer per la progettazione di servizi ed interfacce digitali. Integra approcci data-driven, business-oriented e user-centered per semplificare processi, armonizzare ecosistemi e creare soluzioni efficaci, accessibili e misurabili.<\/p><\/div>\n\t\t\t\t<\/div>\n\t\t\t\t\t\t\t\t\t\t<script type=\"application\/ld+json\">{\"@context\":\"https:\\\/\\\/schema.org\",\"@type\":\"FAQPage\",\"mainEntity\":[{\"@type\":\"Question\",\"name\":\"Alessandro Previati\",\"acceptedAnswer\":{\"@type\":\"Answer\",\"text\":\"<p><em>Service &amp; UX Designer \\u00b7 Tangity part of NTT DATA<\\\/em><\\\/p><p>Service &amp; UX Designer per la progettazione di servizi ed interfacce digitali. Integra approcci data-driven, business-oriented e user-centered per semplificare processi, armonizzare ecosistemi e creare soluzioni efficaci, accessibili e misurabili.<\\\/p>\"}}]}<\/script>\n\t\t\t\t\t<\/div>\n\t\t\t\t\t\t<\/div>\n\t\t\t\t<\/div>\n\t\t\t\t\t<\/div>\n\t\t<\/div>\n\t\t\t\t\t<\/div>\n\t\t<\/section>\n\t\t\t\t<section class=\"elementor-section elementor-inner-section elementor-element elementor-element-b577a77 elementor-section-boxed elementor-section-height-default elementor-section-height-default\" data-id=\"b577a77\" data-element_type=\"section\" data-e-type=\"section\">\n\t\t\t\t\t\t<div class=\"elementor-container elementor-column-gap-default\">\n\t\t\t\t\t<div class=\"elementor-column elementor-col-50 elementor-inner-column elementor-element elementor-element-b0f1646\" data-id=\"b0f1646\" data-element_type=\"column\" data-e-type=\"column\">\n\t\t\t<div class=\"elementor-widget-wrap elementor-element-populated\">\n\t\t\t\t\t\t<div class=\"elementor-element elementor-element-298c7cf elementor-widget elementor-widget-image\" data-id=\"298c7cf\" data-element_type=\"widget\" data-e-type=\"widget\" data-widget_type=\"image.default\">\n\t\t\t\t<div class=\"elementor-widget-container\">\n\t\t\t\t\t\t\t\t\t\t\t\t\t\t\t<img loading=\"lazy\" decoding=\"async\" width=\"576\" height=\"1024\" src=\"https:\/\/www.palazzoinnovazione.it\/wp-content\/uploads\/2025\/10\/Dario-Di-Franco-576x1024.png\" class=\"attachment-large size-large wp-image-7814\" alt=\"\" srcset=\"https:\/\/www.palazzoinnovazione.it\/wp-content\/uploads\/2025\/10\/Dario-Di-Franco-576x1024.png 576w, https:\/\/www.palazzoinnovazione.it\/wp-content\/uploads\/2025\/10\/Dario-Di-Franco-169x300.png 169w, https:\/\/www.palazzoinnovazione.it\/wp-content\/uploads\/2025\/10\/Dario-Di-Franco-768x1365.png 768w, https:\/\/www.palazzoinnovazione.it\/wp-content\/uploads\/2025\/10\/Dario-Di-Franco-864x1536.png 864w, https:\/\/www.palazzoinnovazione.it\/wp-content\/uploads\/2025\/10\/Dario-Di-Franco.png 1081w\" sizes=\"(max-width: 576px) 100vw, 576px\" \/>\t\t\t\t\t\t\t\t\t\t\t\t\t\t\t<\/div>\n\t\t\t\t<\/div>\n\t\t\t\t<div class=\"elementor-element elementor-element-c51b794 elementor-widget elementor-widget-accordion\" data-id=\"c51b794\" data-element_type=\"widget\" data-e-type=\"widget\" data-widget_type=\"accordion.default\">\n\t\t\t\t<div class=\"elementor-widget-container\">\n\t\t\t\t\t\t\t<div class=\"elementor-accordion\">\n\t\t\t\t\t\t\t<div class=\"elementor-accordion-item\">\n\t\t\t\t\t<div id=\"elementor-tab-title-2061\" class=\"elementor-tab-title\" data-tab=\"1\" role=\"button\" aria-controls=\"elementor-tab-content-2061\" aria-expanded=\"false\">\n\t\t\t\t\t\t\t\t\t\t\t\t\t<span class=\"elementor-accordion-icon elementor-accordion-icon-left\" aria-hidden=\"true\">\n\t\t\t\t\t\t\t\t\t\t\t\t\t\t\t<span class=\"elementor-accordion-icon-closed\"><i class=\"fas fa-plus\"><\/i><\/span>\n\t\t\t\t\t\t\t\t<span class=\"elementor-accordion-icon-opened\"><i class=\"fas fa-minus\"><\/i><\/span>\n\t\t\t\t\t\t\t\t\t\t\t\t\t\t<\/span>\n\t\t\t\t\t\t\t\t\t\t\t\t<a class=\"elementor-accordion-title\" tabindex=\"0\">Dario Di Franco<\/a>\n\t\t\t\t\t<\/div>\n\t\t\t\t\t<div id=\"elementor-tab-content-2061\" class=\"elementor-tab-content elementor-clearfix\" data-tab=\"1\" role=\"region\" aria-labelledby=\"elementor-tab-title-2061\"><p><em>Web Accessibility Expert \u00b7 UX Designer \u00b7 Tangity part of NTT DATA<\/em><\/p><p><br data-start=\"1756\" data-end=\"1759\" \/>Accessibility Expert e UX Designer in NTT DATA, Dario Di Franco promuove una cultura inclusiva nella progettazione digitale, aiutando team e organizzazioni a integrare l\u2019accessibilit\u00e0 come componente essenziale del design. Affianca attivit\u00e0 operative \u2014 test, consulenza, ricerca \u2014 a un forte impegno nella formazione, con l\u2019obiettivo di diffondere competenze e consapevolezza sull\u2019accessibilit\u00e0 come leva di innovazione e miglioramento dell\u2019esperienza per tutti.<\/p><\/div>\n\t\t\t\t<\/div>\n\t\t\t\t\t\t\t\t\t\t<script type=\"application\/ld+json\">{\"@context\":\"https:\\\/\\\/schema.org\",\"@type\":\"FAQPage\",\"mainEntity\":[{\"@type\":\"Question\",\"name\":\"Dario Di Franco\",\"acceptedAnswer\":{\"@type\":\"Answer\",\"text\":\"<p><em>Web Accessibility Expert \\u00b7 UX Designer \\u00b7 Tangity part of NTT DATA<\\\/em><\\\/p><p><br data-start=\\\"1756\\\" data-end=\\\"1759\\\" \\\/>Accessibility Expert e UX Designer in NTT DATA, Dario Di Franco promuove una cultura inclusiva nella progettazione digitale, aiutando team e organizzazioni a integrare l\\u2019accessibilit\\u00e0 come componente essenziale del design. Affianca attivit\\u00e0 operative \\u2014 test, consulenza, ricerca \\u2014 a un forte impegno nella formazione, con l\\u2019obiettivo di diffondere competenze e consapevolezza sull\\u2019accessibilit\\u00e0 come leva di innovazione e miglioramento dell\\u2019esperienza per tutti.<\\\/p>\"}}]}<\/script>\n\t\t\t\t\t<\/div>\n\t\t\t\t\t\t<\/div>\n\t\t\t\t<\/div>\n\t\t\t\t\t<\/div>\n\t\t<\/div>\n\t\t\t\t<div class=\"elementor-column elementor-col-50 elementor-inner-column elementor-element elementor-element-c99b1fc\" data-id=\"c99b1fc\" data-element_type=\"column\" data-e-type=\"column\">\n\t\t\t<div class=\"elementor-widget-wrap elementor-element-populated\">\n\t\t\t\t\t\t<div class=\"elementor-element elementor-element-b5c2afc elementor-widget elementor-widget-image\" data-id=\"b5c2afc\" data-element_type=\"widget\" data-e-type=\"widget\" data-widget_type=\"image.default\">\n\t\t\t\t<div class=\"elementor-widget-container\">\n\t\t\t\t\t\t\t\t\t\t\t\t\t\t\t\t<a href=\"https:\/\/www.linkedin.com\/in\/mattia-motta-1618b3174\/\">\n\t\t\t\t\t\t\t<img loading=\"lazy\" decoding=\"async\" width=\"576\" height=\"1024\" src=\"https:\/\/www.palazzoinnovazione.it\/wp-content\/uploads\/2025\/10\/Mattia-Motta_UI-UX-Palazzo-Innovazione_-576x1024.png\" class=\"attachment-large size-large wp-image-7914\" alt=\"\" srcset=\"https:\/\/www.palazzoinnovazione.it\/wp-content\/uploads\/2025\/10\/Mattia-Motta_UI-UX-Palazzo-Innovazione_-576x1024.png 576w, https:\/\/www.palazzoinnovazione.it\/wp-content\/uploads\/2025\/10\/Mattia-Motta_UI-UX-Palazzo-Innovazione_-169x300.png 169w, https:\/\/www.palazzoinnovazione.it\/wp-content\/uploads\/2025\/10\/Mattia-Motta_UI-UX-Palazzo-Innovazione_-768x1365.png 768w, https:\/\/www.palazzoinnovazione.it\/wp-content\/uploads\/2025\/10\/Mattia-Motta_UI-UX-Palazzo-Innovazione_-864x1536.png 864w, https:\/\/www.palazzoinnovazione.it\/wp-content\/uploads\/2025\/10\/Mattia-Motta_UI-UX-Palazzo-Innovazione_.png 1081w\" sizes=\"(max-width: 576px) 100vw, 576px\" \/>\t\t\t\t\t\t\t\t<\/a>\n\t\t\t\t\t\t\t\t\t\t\t\t\t\t\t<\/div>\n\t\t\t\t<\/div>\n\t\t\t\t<div class=\"elementor-element elementor-element-e370533 elementor-widget elementor-widget-accordion\" data-id=\"e370533\" data-element_type=\"widget\" data-e-type=\"widget\" data-widget_type=\"accordion.default\">\n\t\t\t\t<div class=\"elementor-widget-container\">\n\t\t\t\t\t\t\t<div class=\"elementor-accordion\">\n\t\t\t\t\t\t\t<div class=\"elementor-accordion-item\">\n\t\t\t\t\t<div id=\"elementor-tab-title-2381\" class=\"elementor-tab-title\" data-tab=\"1\" role=\"button\" aria-controls=\"elementor-tab-content-2381\" aria-expanded=\"false\">\n\t\t\t\t\t\t\t\t\t\t\t\t\t<span class=\"elementor-accordion-icon elementor-accordion-icon-left\" aria-hidden=\"true\">\n\t\t\t\t\t\t\t\t\t\t\t\t\t\t\t<span class=\"elementor-accordion-icon-closed\"><i class=\"fas fa-plus\"><\/i><\/span>\n\t\t\t\t\t\t\t\t<span class=\"elementor-accordion-icon-opened\"><i class=\"fas fa-minus\"><\/i><\/span>\n\t\t\t\t\t\t\t\t\t\t\t\t\t\t<\/span>\n\t\t\t\t\t\t\t\t\t\t\t\t<a class=\"elementor-accordion-title\" tabindex=\"0\">Mattia Motta<\/a>\n\t\t\t\t\t<\/div>\n\t\t\t\t\t<div id=\"elementor-tab-content-2381\" class=\"elementor-tab-content elementor-clearfix\" data-tab=\"1\" role=\"region\" aria-labelledby=\"elementor-tab-title-2381\"><p><em>Senior UI &amp; Visual Designer, Tangity part of NTT DATA<\/em><\/p><p>Senior UI e Visual Designer, specializzato nella creazione di Design System scalabili e nell\u2019elaborazione di esperienze digitali coerenti e ad alto impatto visivo. Sviluppa visual concept e identit\u00e0 per prodotti digitali e stampa, collaborando con team cross-funzionali. \u00c8 Mentor su ADPList, dove supporta attivamente designer di ogni livello nel perfezionare competenze e percorso professionale.<\/p><\/div>\n\t\t\t\t<\/div>\n\t\t\t\t\t\t\t\t\t\t<script type=\"application\/ld+json\">{\"@context\":\"https:\\\/\\\/schema.org\",\"@type\":\"FAQPage\",\"mainEntity\":[{\"@type\":\"Question\",\"name\":\"Mattia Motta\",\"acceptedAnswer\":{\"@type\":\"Answer\",\"text\":\"<p><em>Senior UI &amp; Visual Designer, Tangity part of NTT DATA<\\\/em><\\\/p><p>Senior UI e Visual Designer, specializzato nella creazione di Design System scalabili e nell\\u2019elaborazione di esperienze digitali coerenti e ad alto impatto visivo. Sviluppa visual concept e identit\\u00e0 per prodotti digitali e stampa, collaborando con team cross-funzionali. \\u00c8 Mentor su ADPList, dove supporta attivamente designer di ogni livello nel perfezionare competenze e percorso professionale.<\\\/p>\"}}]}<\/script>\n\t\t\t\t\t<\/div>\n\t\t\t\t\t\t<\/div>\n\t\t\t\t<\/div>\n\t\t\t\t\t<\/div>\n\t\t<\/div>\n\t\t\t\t\t<\/div>\n\t\t<\/section>\n\t\t\t\t\t<\/div>\n\t\t<\/div>\n\t\t\t\t\t<\/div>\n\t\t<\/section>\n\t\t\t\t<section class=\"elementor-section elementor-top-section elementor-element elementor-element-4e7e2b90 elementor-section-boxed elementor-section-height-default elementor-section-height-default\" data-id=\"4e7e2b90\" data-element_type=\"section\" data-e-type=\"section\">\n\t\t\t\t\t\t<div class=\"elementor-container elementor-column-gap-default\">\n\t\t\t\t\t<div class=\"elementor-column elementor-col-33 elementor-top-column elementor-element elementor-element-7f4fd067\" data-id=\"7f4fd067\" data-element_type=\"column\" data-e-type=\"column\">\n\t\t\t<div class=\"elementor-widget-wrap elementor-element-populated\">\n\t\t\t\t\t\t<div class=\"elementor-element elementor-element-351547d2 elementor-widget elementor-widget-image\" data-id=\"351547d2\" data-element_type=\"widget\" data-e-type=\"widget\" data-widget_type=\"image.default\">\n\t\t\t\t<div class=\"elementor-widget-container\">\n\t\t\t\t\t\t\t\t\t\t\t\t\t\t\t<img decoding=\"async\" width=\"800\" height=\"800\" src=\"https:\/\/www.palazzoinnovazione.it\/wp-content\/uploads\/2022\/05\/icona-metodologia.svg\" class=\"attachment-large size-large wp-image-1634\" alt=\"\" \/>\t\t\t\t\t\t\t\t\t\t\t\t\t\t\t<\/div>\n\t\t\t\t<\/div>\n\t\t\t\t<div class=\"elementor-element elementor-element-1b4c51c8 elementor-widget elementor-widget-heading\" data-id=\"1b4c51c8\" data-element_type=\"widget\" data-e-type=\"widget\" data-widget_type=\"heading.default\">\n\t\t\t\t<div class=\"elementor-widget-container\">\n\t\t\t\t\t<h6 class=\"elementor-heading-title elementor-size-default\">Certificazione<\/h6>\t\t\t\t<\/div>\n\t\t\t\t<\/div>\n\t\t\t\t<div class=\"elementor-element elementor-element-28278c0f elementor-widget elementor-widget-heading\" data-id=\"28278c0f\" data-element_type=\"widget\" data-e-type=\"widget\" data-widget_type=\"heading.default\">\n\t\t\t\t<div class=\"elementor-widget-container\">\n\t\t\t\t\t<h6 class=\"elementor-heading-title elementor-size-default\">e prodotti per la formazione<\/h6>\t\t\t\t<\/div>\n\t\t\t\t<\/div>\n\t\t\t\t\t<\/div>\n\t\t<\/div>\n\t\t\t\t<div class=\"elementor-column elementor-col-66 elementor-top-column elementor-element elementor-element-2bf28a22 colonna-dx-corso\" data-id=\"2bf28a22\" data-element_type=\"column\" data-e-type=\"column\">\n\t\t\t<div class=\"elementor-widget-wrap elementor-element-populated\">\n\t\t\t\t\t\t<div class=\"elementor-element elementor-element-635973da elementor-widget elementor-widget-text-editor\" data-id=\"635973da\" data-element_type=\"widget\" data-e-type=\"widget\" data-widget_type=\"text-editor.default\">\n\t\t\t\t<div class=\"elementor-widget-container\">\n\t\t\t\t\t\t\t\t\t<p><span style=\"color: var( --e-global-color-text ); font-family: var( --e-global-typography-text-font-family ), Sans-serif; font-weight: var( --e-global-typography-text-font-weight ); font-size: 1rem;\">Al completamento del programma di certificazione, i partecipanti porteranno con s\u00e9:\u00a0<\/span><\/p>\t\t\t\t\t\t\t\t<\/div>\n\t\t\t\t<\/div>\n\t\t\t\t<section class=\"elementor-section elementor-inner-section elementor-element elementor-element-671a9d5b elementor-section-boxed elementor-section-height-default elementor-section-height-default\" data-id=\"671a9d5b\" data-element_type=\"section\" data-e-type=\"section\">\n\t\t\t\t\t\t<div class=\"elementor-container elementor-column-gap-default\">\n\t\t\t\t\t<div class=\"elementor-column elementor-col-50 elementor-inner-column elementor-element elementor-element-499d5e4f\" data-id=\"499d5e4f\" data-element_type=\"column\" data-e-type=\"column\">\n\t\t\t<div class=\"elementor-widget-wrap elementor-element-populated\">\n\t\t\t\t\t\t<div class=\"elementor-element elementor-element-14edf904 elementor-view-default elementor-widget elementor-widget-icon\" data-id=\"14edf904\" data-element_type=\"widget\" data-e-type=\"widget\" data-widget_type=\"icon.default\">\n\t\t\t\t<div class=\"elementor-widget-container\">\n\t\t\t\t\t\t\t<div class=\"elementor-icon-wrapper\">\n\t\t\t<div class=\"elementor-icon\">\n\t\t\t<i aria-hidden=\"true\" class=\"fas fa-bookmark\"><\/i>\t\t\t<\/div>\n\t\t<\/div>\n\t\t\t\t\t\t<\/div>\n\t\t\t\t<\/div>\n\t\t\t\t<div class=\"elementor-element elementor-element-2b8b1f9f elementor-widget elementor-widget-heading\" data-id=\"2b8b1f9f\" data-element_type=\"widget\" data-e-type=\"widget\" data-widget_type=\"heading.default\">\n\t\t\t\t<div class=\"elementor-widget-container\">\n\t\t\t\t\t<h2 class=\"elementor-heading-title elementor-size-default\">Set di materiali didattici  <\/h2>\t\t\t\t<\/div>\n\t\t\t\t<\/div>\n\t\t\t\t<div class=\"elementor-element elementor-element-1f3b49c elementor-widget elementor-widget-accordion\" data-id=\"1f3b49c\" data-element_type=\"widget\" data-e-type=\"widget\" data-widget_type=\"accordion.default\">\n\t\t\t\t<div class=\"elementor-widget-container\">\n\t\t\t\t\t\t\t<div class=\"elementor-accordion\">\n\t\t\t\t\t\t\t<div class=\"elementor-accordion-item\">\n\t\t\t\t\t<div id=\"elementor-tab-title-3271\" class=\"elementor-tab-title\" data-tab=\"1\" role=\"button\" aria-controls=\"elementor-tab-content-3271\" aria-expanded=\"false\">\n\t\t\t\t\t\t\t\t\t\t\t\t\t<span class=\"elementor-accordion-icon elementor-accordion-icon-left\" aria-hidden=\"true\">\n\t\t\t\t\t\t\t\t\t\t\t\t\t\t\t<span class=\"elementor-accordion-icon-closed\"><i class=\"fas fa-plus\"><\/i><\/span>\n\t\t\t\t\t\t\t\t<span class=\"elementor-accordion-icon-opened\"><i class=\"fas fa-minus\"><\/i><\/span>\n\t\t\t\t\t\t\t\t\t\t\t\t\t\t<\/span>\n\t\t\t\t\t\t\t\t\t\t\t\t<a class=\"elementor-accordion-title\" tabindex=\"0\">Dettagli<\/a>\n\t\t\t\t\t<\/div>\n\t\t\t\t\t<div id=\"elementor-tab-content-3271\" class=\"elementor-tab-content elementor-clearfix\" data-tab=\"1\" role=\"region\" aria-labelledby=\"elementor-tab-title-3271\"><p>Ogni partecipante ricever\u00e0 un <strong data-start=\"30\" data-end=\"74\">Kit Didattico Palazzo Innovazione School, <\/strong>esercitazioni pratiche e una selezione di link e software utili per continuare a sperimentare anche dopo il corso. Il kit include inoltre un <strong data-start=\"253\" data-end=\"278\">libro o guida pratica<\/strong> per approfondire i contenuti trattati e restare aggiornati sulle metodologie e gli strumenti del settore.<\/p><\/div>\n\t\t\t\t<\/div>\n\t\t\t\t\t\t\t\t<\/div>\n\t\t\t\t\t\t<\/div>\n\t\t\t\t<\/div>\n\t\t\t\t\t<\/div>\n\t\t<\/div>\n\t\t\t\t<div class=\"elementor-column elementor-col-50 elementor-inner-column elementor-element elementor-element-55fe5d63\" data-id=\"55fe5d63\" data-element_type=\"column\" data-e-type=\"column\">\n\t\t\t<div class=\"elementor-widget-wrap elementor-element-populated\">\n\t\t\t\t\t\t<div class=\"elementor-element elementor-element-42767f01 elementor-view-default elementor-widget elementor-widget-icon\" data-id=\"42767f01\" data-element_type=\"widget\" data-e-type=\"widget\" data-widget_type=\"icon.default\">\n\t\t\t\t<div class=\"elementor-widget-container\">\n\t\t\t\t\t\t\t<div class=\"elementor-icon-wrapper\">\n\t\t\t<div class=\"elementor-icon\">\n\t\t\t<i aria-hidden=\"true\" class=\"fas fa-check-square\"><\/i>\t\t\t<\/div>\n\t\t<\/div>\n\t\t\t\t\t\t<\/div>\n\t\t\t\t<\/div>\n\t\t\t\t<div class=\"elementor-element elementor-element-68683a8d elementor-widget elementor-widget-heading\" data-id=\"68683a8d\" data-element_type=\"widget\" data-e-type=\"widget\" data-widget_type=\"heading.default\">\n\t\t\t\t<div class=\"elementor-widget-container\">\n\t\t\t\t\t<h2 class=\"elementor-heading-title elementor-size-default\">Certificazione verificata<\/h2>\t\t\t\t<\/div>\n\t\t\t\t<\/div>\n\t\t\t\t<div class=\"elementor-element elementor-element-0b30560 elementor-widget elementor-widget-accordion\" data-id=\"0b30560\" data-element_type=\"widget\" data-e-type=\"widget\" data-widget_type=\"accordion.default\">\n\t\t\t\t<div class=\"elementor-widget-container\">\n\t\t\t\t\t\t\t<div class=\"elementor-accordion\">\n\t\t\t\t\t\t\t<div class=\"elementor-accordion-item\">\n\t\t\t\t\t<div id=\"elementor-tab-title-1171\" class=\"elementor-tab-title\" data-tab=\"1\" role=\"button\" aria-controls=\"elementor-tab-content-1171\" aria-expanded=\"false\">\n\t\t\t\t\t\t\t\t\t\t\t\t\t<span class=\"elementor-accordion-icon elementor-accordion-icon-left\" aria-hidden=\"true\">\n\t\t\t\t\t\t\t\t\t\t\t\t\t\t\t<span class=\"elementor-accordion-icon-closed\"><i class=\"fas fa-plus\"><\/i><\/span>\n\t\t\t\t\t\t\t\t<span class=\"elementor-accordion-icon-opened\"><i class=\"fas fa-minus\"><\/i><\/span>\n\t\t\t\t\t\t\t\t\t\t\t\t\t\t<\/span>\n\t\t\t\t\t\t\t\t\t\t\t\t<a class=\"elementor-accordion-title\" tabindex=\"0\">Dettagli<\/a>\n\t\t\t\t\t<\/div>\n\t\t\t\t\t<div id=\"elementor-tab-content-1171\" class=\"elementor-tab-content elementor-clearfix\" data-tab=\"1\" role=\"region\" aria-labelledby=\"elementor-tab-title-1171\"><div><div><div><div><p><span style=\"color: var( --e-global-color-text ); font-family: var( --e-global-typography-text-font-family ), Sans-serif; font-weight: var( --e-global-typography-text-font-weight ); font-size: 1rem;\">La certificazione finale di qualifica<\/span><span style=\"color: var( --e-global-color-text ); font-family: var( --e-global-typography-text-font-family ), Sans-serif; font-weight: var( --e-global-typography-text-font-weight ); font-size: 1rem;\">\u00a0<\/span><span style=\"color: var( --e-global-color-text ); font-family: var( --e-global-typography-text-font-family ), Sans-serif; font-weight: var( --e-global-typography-text-font-weight ); font-size: 1rem;\">\u00e8 nominale, viene rilasciata in formato pdf al termine del corso.<\/span><\/p><\/div><p>Tutte le nostre certificazioni riportano il nostro logo, la firma del responsabile e l\u2019attestazione di qualit\u00e0 <strong>ISO 9001.<\/strong><\/p><p>Al termine del corso rilasceremo anche il <strong>badge<\/strong> per condividere la certificazione sul profilo <strong>LinkedIn.<\/strong><strong><br \/><\/strong><\/p><\/div><\/div><\/div><\/div>\n\t\t\t\t<\/div>\n\t\t\t\t\t\t\t\t<\/div>\n\t\t\t\t\t\t<\/div>\n\t\t\t\t<\/div>\n\t\t\t\t\t<\/div>\n\t\t<\/div>\n\t\t\t\t\t<\/div>\n\t\t<\/section>\n\t\t\t\t\t<\/div>\n\t\t<\/div>\n\t\t\t\t\t<\/div>\n\t\t<\/section>\n\t\t\t\t<section class=\"elementor-section elementor-top-section elementor-element elementor-element-b20eda2 elementor-section-boxed elementor-section-height-default elementor-section-height-default\" data-id=\"b20eda2\" data-element_type=\"section\" data-e-type=\"section\">\n\t\t\t\t\t\t<div class=\"elementor-container elementor-column-gap-default\">\n\t\t\t\t\t<div class=\"elementor-column elementor-col-33 elementor-top-column elementor-element elementor-element-0212b1d\" data-id=\"0212b1d\" data-element_type=\"column\" data-e-type=\"column\">\n\t\t\t<div class=\"elementor-widget-wrap elementor-element-populated\">\n\t\t\t\t\t\t<div class=\"elementor-element elementor-element-1054dcf elementor-view-default elementor-widget elementor-widget-icon\" data-id=\"1054dcf\" data-element_type=\"widget\" data-e-type=\"widget\" data-widget_type=\"icon.default\">\n\t\t\t\t<div class=\"elementor-widget-container\">\n\t\t\t\t\t\t\t<div class=\"elementor-icon-wrapper\">\n\t\t\t<div class=\"elementor-icon\">\n\t\t\t<i aria-hidden=\"true\" class=\"fas fa-euro-sign\"><\/i>\t\t\t<\/div>\n\t\t<\/div>\n\t\t\t\t\t\t<\/div>\n\t\t\t\t<\/div>\n\t\t\t\t<div class=\"elementor-element elementor-element-bc917bf elementor-widget elementor-widget-heading\" data-id=\"bc917bf\" data-element_type=\"widget\" data-e-type=\"widget\" data-widget_type=\"heading.default\">\n\t\t\t\t<div class=\"elementor-widget-container\">\n\t\t\t\t\t<h6 class=\"elementor-heading-title elementor-size-default\">Informazioni <\/h6>\t\t\t\t<\/div>\n\t\t\t\t<\/div>\n\t\t\t\t<div class=\"elementor-element elementor-element-cd46086 elementor-widget elementor-widget-heading\" data-id=\"cd46086\" data-element_type=\"widget\" data-e-type=\"widget\" data-widget_type=\"heading.default\">\n\t\t\t\t<div class=\"elementor-widget-container\">\n\t\t\t\t\t<h6 class=\"elementor-heading-title elementor-size-default\">di pagamento<\/h6>\t\t\t\t<\/div>\n\t\t\t\t<\/div>\n\t\t\t\t\t<\/div>\n\t\t<\/div>\n\t\t\t\t<div class=\"elementor-column elementor-col-66 elementor-top-column elementor-element elementor-element-ff27fd1 colonna-dx-corso\" data-id=\"ff27fd1\" data-element_type=\"column\" data-e-type=\"column\">\n\t\t\t<div class=\"elementor-widget-wrap elementor-element-populated\">\n\t\t\t\t\t\t<div class=\"elementor-element elementor-element-8fffd1c elementor-widget elementor-widget-text-editor\" data-id=\"8fffd1c\" data-element_type=\"widget\" data-e-type=\"widget\" data-widget_type=\"text-editor.default\">\n\t\t\t\t<div class=\"elementor-widget-container\">\n\t\t\t\t\t\t\t\t\t<p>Il costo \u00e8 di <strong>\u20ac 900,00\u20ac +iva<\/strong><\/p><p>Nel costo \u00e8 compreso:<\/p>\t\t\t\t\t\t\t\t<\/div>\n\t\t\t\t<\/div>\n\t\t\t\t<div class=\"elementor-element elementor-element-ebcaddf elementor-icon-list--layout-traditional elementor-list-item-link-full_width elementor-widget elementor-widget-icon-list\" data-id=\"ebcaddf\" data-element_type=\"widget\" data-e-type=\"widget\" data-widget_type=\"icon-list.default\">\n\t\t\t\t<div class=\"elementor-widget-container\">\n\t\t\t\t\t\t\t<ul class=\"elementor-icon-list-items\">\n\t\t\t\t\t\t\t<li class=\"elementor-icon-list-item\">\n\t\t\t\t\t\t\t\t\t\t\t<span class=\"elementor-icon-list-icon\">\n\t\t\t\t\t\t\t<i aria-hidden=\"true\" class=\"fas fa-check\"><\/i>\t\t\t\t\t\t<\/span>\n\t\t\t\t\t\t\t\t\t\t<span class=\"elementor-icon-list-text\">Welcome Coffee\/Coffee break per l'intera durata del percorso<\/span>\n\t\t\t\t\t\t\t\t\t<\/li>\n\t\t\t\t\t\t\t\t<li class=\"elementor-icon-list-item\">\n\t\t\t\t\t\t\t\t\t\t\t<span class=\"elementor-icon-list-icon\">\n\t\t\t\t\t\t\t<i aria-hidden=\"true\" class=\"fas fa-check\"><\/i>\t\t\t\t\t\t<\/span>\n\t\t\t\t\t\t\t\t\t\t<span class=\"elementor-icon-list-text\">Kit didattico Palazzo Innovazione School<\/span>\n\t\t\t\t\t\t\t\t\t<\/li>\n\t\t\t\t\t\t\t\t<li class=\"elementor-icon-list-item\">\n\t\t\t\t\t\t\t\t\t\t\t<span class=\"elementor-icon-list-icon\">\n\t\t\t\t\t\t\t<i aria-hidden=\"true\" class=\"fas fa-check\"><\/i>\t\t\t\t\t\t<\/span>\n\t\t\t\t\t\t\t\t\t\t<span class=\"elementor-icon-list-text\">Libro o guida pratica per approfondire i contenuti anche dopo l'esperienza<\/span>\n\t\t\t\t\t\t\t\t\t<\/li>\n\t\t\t\t\t\t\t\t<li class=\"elementor-icon-list-item\">\n\t\t\t\t\t\t\t\t\t\t\t<span class=\"elementor-icon-list-icon\">\n\t\t\t\t\t\t\t<i aria-hidden=\"true\" class=\"fas fa-check\"><\/i>\t\t\t\t\t\t<\/span>\n\t\t\t\t\t\t\t\t\t\t<span class=\"elementor-icon-list-text\">2 aperitivi di networking con docenti e gruppo in formazione<\/span>\n\t\t\t\t\t\t\t\t\t<\/li>\n\t\t\t\t\t\t\t\t<li class=\"elementor-icon-list-item\">\n\t\t\t\t\t\t\t\t\t\t\t<span class=\"elementor-icon-list-icon\">\n\t\t\t\t\t\t\t<i aria-hidden=\"true\" class=\"fas fa-check\"><\/i>\t\t\t\t\t\t<\/span>\n\t\t\t\t\t\t\t\t\t\t<span class=\"elementor-icon-list-text\">Attestato di partecipazione + Badge di certificazione LinkedIn<\/span>\n\t\t\t\t\t\t\t\t\t<\/li>\n\t\t\t\t\t\t<\/ul>\n\t\t\t\t\t\t<\/div>\n\t\t\t\t<\/div>\n\t\t\t\t<section class=\"elementor-section elementor-inner-section elementor-element elementor-element-816504f elementor-section-boxed elementor-section-height-default elementor-section-height-default\" data-id=\"816504f\" data-element_type=\"section\" data-e-type=\"section\">\n\t\t\t\t\t\t<div class=\"elementor-container elementor-column-gap-default\">\n\t\t\t\t\t<div class=\"elementor-column elementor-col-50 elementor-inner-column elementor-element elementor-element-fdb81aa\" data-id=\"fdb81aa\" data-element_type=\"column\" data-e-type=\"column\">\n\t\t\t<div class=\"elementor-widget-wrap elementor-element-populated\">\n\t\t\t\t\t\t<div class=\"elementor-element elementor-element-698edbc elementor-view-default elementor-widget elementor-widget-icon\" data-id=\"698edbc\" data-element_type=\"widget\" data-e-type=\"widget\" data-widget_type=\"icon.default\">\n\t\t\t\t<div class=\"elementor-widget-container\">\n\t\t\t\t\t\t\t<div class=\"elementor-icon-wrapper\">\n\t\t\t<div class=\"elementor-icon\">\n\t\t\t<i aria-hidden=\"true\" class=\"far fa-credit-card\"><\/i>\t\t\t<\/div>\n\t\t<\/div>\n\t\t\t\t\t\t<\/div>\n\t\t\t\t<\/div>\n\t\t\t\t<div class=\"elementor-element elementor-element-fa2bdaf elementor-widget elementor-widget-heading\" data-id=\"fa2bdaf\" data-element_type=\"widget\" data-e-type=\"widget\" data-widget_type=\"heading.default\">\n\t\t\t\t<div class=\"elementor-widget-container\">\n\t\t\t\t\t<h2 class=\"elementor-heading-title elementor-size-default\">Modalit\u00e0 di pagamento\n<\/h2>\t\t\t\t<\/div>\n\t\t\t\t<\/div>\n\t\t\t\t<div class=\"elementor-element elementor-element-7baf018 elementor-icon-list--layout-traditional elementor-list-item-link-full_width elementor-widget elementor-widget-icon-list\" data-id=\"7baf018\" data-element_type=\"widget\" data-e-type=\"widget\" data-widget_type=\"icon-list.default\">\n\t\t\t\t<div class=\"elementor-widget-container\">\n\t\t\t\t\t\t\t<ul class=\"elementor-icon-list-items\">\n\t\t\t\t\t\t\t<li class=\"elementor-icon-list-item\">\n\t\t\t\t\t\t\t\t\t\t\t<span class=\"elementor-icon-list-icon\">\n\t\t\t\t\t\t\t<i aria-hidden=\"true\" class=\"fas fa-check\"><\/i>\t\t\t\t\t\t<\/span>\n\t\t\t\t\t\t\t\t\t\t<span class=\"elementor-icon-list-text\">Acconto del 30% al momento dell'iscrizione<\/span>\n\t\t\t\t\t\t\t\t\t<\/li>\n\t\t\t\t\t\t\t\t<li class=\"elementor-icon-list-item\">\n\t\t\t\t\t\t\t\t\t\t\t<span class=\"elementor-icon-list-icon\">\n\t\t\t\t\t\t\t<i aria-hidden=\"true\" class=\"fas fa-check\"><\/i>\t\t\t\t\t\t<\/span>\n\t\t\t\t\t\t\t\t\t\t<span class=\"elementor-icon-list-text\">Saldo entro la settimana precedente all'avvio delle lezioni<\/span>\n\t\t\t\t\t\t\t\t\t<\/li>\n\t\t\t\t\t\t<\/ul>\n\t\t\t\t\t\t<\/div>\n\t\t\t\t<\/div>\n\t\t\t\t\t<\/div>\n\t\t<\/div>\n\t\t\t\t<div class=\"elementor-column elementor-col-50 elementor-inner-column elementor-element elementor-element-148a12e\" data-id=\"148a12e\" data-element_type=\"column\" data-e-type=\"column\">\n\t\t\t<div class=\"elementor-widget-wrap elementor-element-populated\">\n\t\t\t\t\t\t<div class=\"elementor-element elementor-element-78ba8c0 elementor-view-default elementor-widget elementor-widget-icon\" data-id=\"78ba8c0\" data-element_type=\"widget\" data-e-type=\"widget\" data-widget_type=\"icon.default\">\n\t\t\t\t<div class=\"elementor-widget-container\">\n\t\t\t\t\t\t\t<div class=\"elementor-icon-wrapper\">\n\t\t\t<div class=\"elementor-icon\">\n\t\t\t<i aria-hidden=\"true\" class=\"fas fa-user-friends\"><\/i>\t\t\t<\/div>\n\t\t<\/div>\n\t\t\t\t\t\t<\/div>\n\t\t\t\t<\/div>\n\t\t\t\t<div class=\"elementor-element elementor-element-d4d3355 elementor-widget elementor-widget-heading\" data-id=\"d4d3355\" data-element_type=\"widget\" data-e-type=\"widget\" data-widget_type=\"heading.default\">\n\t\t\t\t<div class=\"elementor-widget-container\">\n\t\t\t\t\t<h2 class=\"elementor-heading-title elementor-size-default\">Formazione finanziata per i dipendenti aziendali<\/h2>\t\t\t\t<\/div>\n\t\t\t\t<\/div>\n\t\t\t\t<div class=\"elementor-element elementor-element-60f47ab elementor-widget elementor-widget-text-editor\" data-id=\"60f47ab\" data-element_type=\"widget\" data-e-type=\"widget\" data-widget_type=\"text-editor.default\">\n\t\t\t\t<div class=\"elementor-widget-container\">\n\t\t\t\t\t\t\t\t\t<p class=\"_04xlpA direction-ltr align-start para-style-body\"><span class=\"S1PPyQ\">Per i dipendenti delle aziende \u00e8 possibile verificare la possibilit\u00e0 di eventuali <\/span><strong><span class=\"S1PPyQ\">finanziamenti alla formazione aziendale<\/span><\/strong><span class=\"S1PPyQ\"><strong> tramite fondi interprofessionali<\/strong>.<\/span><\/p>\t\t\t\t\t\t\t\t<\/div>\n\t\t\t\t<\/div>\n\t\t\t\t\t<\/div>\n\t\t<\/div>\n\t\t\t\t\t<\/div>\n\t\t<\/section>\n\t\t\t\t<div class=\"elementor-element elementor-element-e0fae4e elementor-widget-divider--view-line elementor-widget elementor-widget-divider\" data-id=\"e0fae4e\" data-element_type=\"widget\" data-e-type=\"widget\" data-widget_type=\"divider.default\">\n\t\t\t\t<div class=\"elementor-widget-container\">\n\t\t\t\t\t\t\t<div class=\"elementor-divider\">\n\t\t\t<span class=\"elementor-divider-separator\">\n\t\t\t\t\t\t<\/span>\n\t\t<\/div>\n\t\t\t\t\t\t<\/div>\n\t\t\t\t<\/div>\n\t\t\t\t\t<\/div>\n\t\t<\/div>\n\t\t\t\t\t<\/div>\n\t\t<\/section>\n\t\t\t\t<section class=\"elementor-section elementor-top-section elementor-element elementor-element-12f027f elementor-section-boxed elementor-section-height-default elementor-section-height-default\" data-id=\"12f027f\" data-element_type=\"section\" data-e-type=\"section\" data-settings=\"{&quot;background_background&quot;:&quot;classic&quot;}\">\n\t\t\t\t\t\t<div class=\"elementor-container elementor-column-gap-default\">\n\t\t\t\t\t<div class=\"elementor-column elementor-col-33 elementor-top-column elementor-element elementor-element-251f47a\" data-id=\"251f47a\" data-element_type=\"column\" data-e-type=\"column\">\n\t\t\t<div class=\"elementor-widget-wrap elementor-element-populated\">\n\t\t\t\t\t\t<div class=\"elementor-element elementor-element-f0fd7b8 elementor-widget elementor-widget-image\" data-id=\"f0fd7b8\" data-element_type=\"widget\" data-e-type=\"widget\" data-widget_type=\"image.default\">\n\t\t\t\t<div class=\"elementor-widget-container\">\n\t\t\t\t\t\t\t\t\t\t\t\t\t\t\t<img decoding=\"async\" width=\"800\" height=\"800\" src=\"https:\/\/www.palazzoinnovazione.it\/wp-content\/uploads\/2022\/04\/corso_programma.svg\" class=\"attachment-large size-large wp-image-1143\" alt=\"\" \/>\t\t\t\t\t\t\t\t\t\t\t\t\t\t\t<\/div>\n\t\t\t\t<\/div>\n\t\t\t\t<div class=\"elementor-element elementor-element-ea89107 elementor-widget elementor-widget-heading\" data-id=\"ea89107\" data-element_type=\"widget\" data-e-type=\"widget\" data-widget_type=\"heading.default\">\n\t\t\t\t<div class=\"elementor-widget-container\">\n\t\t\t\t\t<h6 class=\"elementor-heading-title elementor-size-default\">FAQ<\/h6>\t\t\t\t<\/div>\n\t\t\t\t<\/div>\n\t\t\t\t<div class=\"elementor-element elementor-element-30e03e5 elementor-widget elementor-widget-heading\" data-id=\"30e03e5\" data-element_type=\"widget\" data-e-type=\"widget\" data-widget_type=\"heading.default\">\n\t\t\t\t<div class=\"elementor-widget-container\">\n\t\t\t\t\t<h6 class=\"elementor-heading-title elementor-size-default\">Domande frequenti<\/h6>\t\t\t\t<\/div>\n\t\t\t\t<\/div>\n\t\t\t\t\t<\/div>\n\t\t<\/div>\n\t\t\t\t<div class=\"elementor-column elementor-col-66 elementor-top-column elementor-element elementor-element-c68dde3 colonna-dx-corso\" data-id=\"c68dde3\" data-element_type=\"column\" data-e-type=\"column\">\n\t\t\t<div class=\"elementor-widget-wrap elementor-element-populated\">\n\t\t\t\t\t\t<div class=\"elementor-element elementor-element-aec434f elementor-widget elementor-widget-accordion\" data-id=\"aec434f\" data-element_type=\"widget\" data-e-type=\"widget\" data-widget_type=\"accordion.default\">\n\t\t\t\t<div class=\"elementor-widget-container\">\n\t\t\t\t\t\t\t<div class=\"elementor-accordion\">\n\t\t\t\t\t\t\t<div class=\"elementor-accordion-item\">\n\t\t\t\t\t<div id=\"elementor-tab-title-1831\" class=\"elementor-tab-title\" data-tab=\"1\" role=\"button\" aria-controls=\"elementor-tab-content-1831\" aria-expanded=\"false\">\n\t\t\t\t\t\t\t\t\t\t\t\t\t<span class=\"elementor-accordion-icon elementor-accordion-icon-left\" aria-hidden=\"true\">\n\t\t\t\t\t\t\t\t\t\t\t\t\t\t\t<span class=\"elementor-accordion-icon-closed\"><i class=\"fas fa-plus\"><\/i><\/span>\n\t\t\t\t\t\t\t\t<span class=\"elementor-accordion-icon-opened\"><i class=\"fas fa-minus\"><\/i><\/span>\n\t\t\t\t\t\t\t\t\t\t\t\t\t\t<\/span>\n\t\t\t\t\t\t\t\t\t\t\t\t<a class=\"elementor-accordion-title\" tabindex=\"0\">Dove si svolge il corso?<\/a>\n\t\t\t\t\t<\/div>\n\t\t\t\t\t<div id=\"elementor-tab-content-1831\" class=\"elementor-tab-content elementor-clearfix\" data-tab=\"1\" role=\"region\" aria-labelledby=\"elementor-tab-title-1831\"><p>La UX &amp; UI Design \u2013 Winter School si svolge a <strong data-start=\"182\" data-end=\"205\">Palazzo Innovazione<\/strong>, all\u2019interno del <strong data-start=\"223\" data-end=\"263\">Complesso Monumentale di Santa Sofia<\/strong>, nel cuore del centro storico di Salerno e a pochi passi dal Duomo.<br data-start=\"331\" data-end=\"334\" \/>\ud83d\udccd <em data-start=\"337\" data-end=\"379\">Largo Abate Conforti, 84121 Salerno (SA)<\/em><\/p><\/div>\n\t\t\t\t<\/div>\n\t\t\t\t\t\t\t<div class=\"elementor-accordion-item\">\n\t\t\t\t\t<div id=\"elementor-tab-title-1832\" class=\"elementor-tab-title\" data-tab=\"2\" role=\"button\" aria-controls=\"elementor-tab-content-1832\" aria-expanded=\"false\">\n\t\t\t\t\t\t\t\t\t\t\t\t\t<span class=\"elementor-accordion-icon elementor-accordion-icon-left\" aria-hidden=\"true\">\n\t\t\t\t\t\t\t\t\t\t\t\t\t\t\t<span class=\"elementor-accordion-icon-closed\"><i class=\"fas fa-plus\"><\/i><\/span>\n\t\t\t\t\t\t\t\t<span class=\"elementor-accordion-icon-opened\"><i class=\"fas fa-minus\"><\/i><\/span>\n\t\t\t\t\t\t\t\t\t\t\t\t\t\t<\/span>\n\t\t\t\t\t\t\t\t\t\t\t\t<a class=\"elementor-accordion-title\" tabindex=\"0\">Quali software utilizzer\u00f2 durante la Winter School?<\/a>\n\t\t\t\t\t<\/div>\n\t\t\t\t\t<div id=\"elementor-tab-content-1832\" class=\"elementor-tab-content elementor-clearfix\" data-tab=\"2\" role=\"region\" aria-labelledby=\"elementor-tab-title-1832\"><p data-start=\"147\" data-end=\"371\">Lavorerai fin da subito con gli strumenti usati ogni giorno dai professionisti del design digitale. Metterai mano a <strong data-start=\"265\" data-end=\"299\">Figma, Photoshop e Illustrator<\/strong> per progettare interfacce, prototipi e visual di livello professionale.<\/p><p data-start=\"373\" data-end=\"474\">Un setup completo per darti autonomia, metodo e un portfolio che parla davvero la lingua del mercato.<\/p><\/div>\n\t\t\t\t<\/div>\n\t\t\t\t\t\t\t<div class=\"elementor-accordion-item\">\n\t\t\t\t\t<div id=\"elementor-tab-title-1833\" class=\"elementor-tab-title\" data-tab=\"3\" role=\"button\" aria-controls=\"elementor-tab-content-1833\" aria-expanded=\"false\">\n\t\t\t\t\t\t\t\t\t\t\t\t\t<span class=\"elementor-accordion-icon elementor-accordion-icon-left\" aria-hidden=\"true\">\n\t\t\t\t\t\t\t\t\t\t\t\t\t\t\t<span class=\"elementor-accordion-icon-closed\"><i class=\"fas fa-plus\"><\/i><\/span>\n\t\t\t\t\t\t\t\t<span class=\"elementor-accordion-icon-opened\"><i class=\"fas fa-minus\"><\/i><\/span>\n\t\t\t\t\t\t\t\t\t\t\t\t\t\t<\/span>\n\t\t\t\t\t\t\t\t\t\t\t\t<a class=\"elementor-accordion-title\" tabindex=\"0\">Devo portare il mio computer?<\/a>\n\t\t\t\t\t<\/div>\n\t\t\t\t\t<div id=\"elementor-tab-content-1833\" class=\"elementor-tab-content elementor-clearfix\" data-tab=\"3\" role=\"region\" aria-labelledby=\"elementor-tab-title-1833\"><p>S\u00ec, \u00e8 necessario portare il proprio PC portatile per le attivit\u00e0 pratiche e i laboratori.<\/p><\/div>\n\t\t\t\t<\/div>\n\t\t\t\t\t\t\t<div class=\"elementor-accordion-item\">\n\t\t\t\t\t<div id=\"elementor-tab-title-1834\" class=\"elementor-tab-title\" data-tab=\"4\" role=\"button\" aria-controls=\"elementor-tab-content-1834\" aria-expanded=\"false\">\n\t\t\t\t\t\t\t\t\t\t\t\t\t<span class=\"elementor-accordion-icon elementor-accordion-icon-left\" aria-hidden=\"true\">\n\t\t\t\t\t\t\t\t\t\t\t\t\t\t\t<span class=\"elementor-accordion-icon-closed\"><i class=\"fas fa-plus\"><\/i><\/span>\n\t\t\t\t\t\t\t\t<span class=\"elementor-accordion-icon-opened\"><i class=\"fas fa-minus\"><\/i><\/span>\n\t\t\t\t\t\t\t\t\t\t\t\t\t\t<\/span>\n\t\t\t\t\t\t\t\t\t\t\t\t<a class=\"elementor-accordion-title\" tabindex=\"0\">Il pranzo \u00e8 incluso?<\/a>\n\t\t\t\t\t<\/div>\n\t\t\t\t\t<div id=\"elementor-tab-content-1834\" class=\"elementor-tab-content elementor-clearfix\" data-tab=\"4\" role=\"region\" aria-labelledby=\"elementor-tab-title-1834\"><p>Il pranzo non \u00e8 incluso. Ogni partecipante potr\u00e0 organizzarsi in autonomia con pranzo a sacco, da consumare negli spazi dedicati di Palazzo Innovazione, oppure usufruire delle soluzioni ristorative disponibili nelle vicinanze.<\/p><\/div>\n\t\t\t\t<\/div>\n\t\t\t\t\t\t\t<div class=\"elementor-accordion-item\">\n\t\t\t\t\t<div id=\"elementor-tab-title-1835\" class=\"elementor-tab-title\" data-tab=\"5\" role=\"button\" aria-controls=\"elementor-tab-content-1835\" aria-expanded=\"false\">\n\t\t\t\t\t\t\t\t\t\t\t\t\t<span class=\"elementor-accordion-icon elementor-accordion-icon-left\" aria-hidden=\"true\">\n\t\t\t\t\t\t\t\t\t\t\t\t\t\t\t<span class=\"elementor-accordion-icon-closed\"><i class=\"fas fa-plus\"><\/i><\/span>\n\t\t\t\t\t\t\t\t<span class=\"elementor-accordion-icon-opened\"><i class=\"fas fa-minus\"><\/i><\/span>\n\t\t\t\t\t\t\t\t\t\t\t\t\t\t<\/span>\n\t\t\t\t\t\t\t\t\t\t\t\t<a class=\"elementor-accordion-title\" tabindex=\"0\">Ricever\u00f2 un attestato o una certificazione?<\/a>\n\t\t\t\t\t<\/div>\n\t\t\t\t\t<div id=\"elementor-tab-content-1835\" class=\"elementor-tab-content elementor-clearfix\" data-tab=\"5\" role=\"region\" aria-labelledby=\"elementor-tab-title-1835\"><p>S\u00ec, al termine del corso ogni partecipante ricever\u00e0 un <strong data-start=\"253\" data-end=\"284\">attestato di partecipazione<\/strong> e un <strong data-start=\"290\" data-end=\"317\">badge digitale LinkedIn<\/strong>, che potr\u00e0 essere aggiunto alla sezione <strong data-start=\"358\" data-end=\"386\">Licenze e certificazioni<\/strong> del proprio profilo, per valorizzare concretamente l\u2019esperienza formativa.<\/p><\/div>\n\t\t\t\t<\/div>\n\t\t\t\t\t\t\t<div class=\"elementor-accordion-item\">\n\t\t\t\t\t<div id=\"elementor-tab-title-1836\" class=\"elementor-tab-title\" data-tab=\"6\" role=\"button\" aria-controls=\"elementor-tab-content-1836\" aria-expanded=\"false\">\n\t\t\t\t\t\t\t\t\t\t\t\t\t<span class=\"elementor-accordion-icon elementor-accordion-icon-left\" aria-hidden=\"true\">\n\t\t\t\t\t\t\t\t\t\t\t\t\t\t\t<span class=\"elementor-accordion-icon-closed\"><i class=\"fas fa-plus\"><\/i><\/span>\n\t\t\t\t\t\t\t\t<span class=\"elementor-accordion-icon-opened\"><i class=\"fas fa-minus\"><\/i><\/span>\n\t\t\t\t\t\t\t\t\t\t\t\t\t\t<\/span>\n\t\t\t\t\t\t\t\t\t\t\t\t<a class=\"elementor-accordion-title\" tabindex=\"0\">Ci saranno opportunit\u00e0 di networking?<\/a>\n\t\t\t\t\t<\/div>\n\t\t\t\t\t<div id=\"elementor-tab-content-1836\" class=\"elementor-tab-content elementor-clearfix\" data-tab=\"6\" role=\"region\" aria-labelledby=\"elementor-tab-title-1836\"><p>Assolutamente. Il corso \u00e8 a <strong data-start=\"537\" data-end=\"573\">numero chiuso di 20 partecipanti<\/strong> per garantire interazioni di qualit\u00e0 e confronto diretto con i docenti. Sono previsti <strong data-start=\"660\" data-end=\"686\">due aperitivi dedicati<\/strong>, pensati per favorire networking, scambio di idee e nuove opportunit\u00e0 di collaborazione tra i partecipanti.<\/p><\/div>\n\t\t\t\t<\/div>\n\t\t\t\t\t\t\t<div class=\"elementor-accordion-item\">\n\t\t\t\t\t<div id=\"elementor-tab-title-1837\" class=\"elementor-tab-title\" data-tab=\"7\" role=\"button\" aria-controls=\"elementor-tab-content-1837\" aria-expanded=\"false\">\n\t\t\t\t\t\t\t\t\t\t\t\t\t<span class=\"elementor-accordion-icon elementor-accordion-icon-left\" aria-hidden=\"true\">\n\t\t\t\t\t\t\t\t\t\t\t\t\t\t\t<span class=\"elementor-accordion-icon-closed\"><i class=\"fas fa-plus\"><\/i><\/span>\n\t\t\t\t\t\t\t\t<span class=\"elementor-accordion-icon-opened\"><i class=\"fas fa-minus\"><\/i><\/span>\n\t\t\t\t\t\t\t\t\t\t\t\t\t\t<\/span>\n\t\t\t\t\t\t\t\t\t\t\t\t<a class=\"elementor-accordion-title\" tabindex=\"0\">Come posso raggiungere Palazzo Innovazione?<\/a>\n\t\t\t\t\t<\/div>\n\t\t\t\t\t<div id=\"elementor-tab-content-1837\" class=\"elementor-tab-content elementor-clearfix\" data-tab=\"7\" role=\"region\" aria-labelledby=\"elementor-tab-title-1837\"><ul data-start=\"406\" data-end=\"643\"><li data-start=\"406\" data-end=\"472\"><p data-start=\"408\" data-end=\"472\">\ud83d\udeb6\u200d\u2642\ufe0f <strong data-start=\"414\" data-end=\"435\">15 minuti a piedi<\/strong> dalla Stazione Centrale di Salerno<\/p><\/li><li data-start=\"473\" data-end=\"539\"><p data-start=\"475\" data-end=\"539\">\ud83d\ude86 <strong data-start=\"478\" data-end=\"498\">3 minuti a piedi<\/strong> dalla Stazione di Via Michele Vernieri<\/p><\/li><li data-start=\"540\" data-end=\"643\"><p data-start=\"542\" data-end=\"643\">\ud83d\ude97 Siamo in <strong data-start=\"554\" data-end=\"561\">ZTL<\/strong>, ma \u00e8 possibile raggiungerci facilmente e lasciare l\u2019auto nei parcheggi limitrofi<\/p><\/li><\/ul><p>Puoi consultare tutte le informazioni pratiche su come arrivare <a href=\"https:\/\/www.palazzoinnovazione.it\/wp-content\/uploads\/2025\/05\/PalazzoInnovazione_ComeArrivare_infografica-1.pdf\">qui<\/a><\/p><\/div>\n\t\t\t\t<\/div>\n\t\t\t\t\t\t\t<div class=\"elementor-accordion-item\">\n\t\t\t\t\t<div id=\"elementor-tab-title-1838\" class=\"elementor-tab-title\" data-tab=\"8\" role=\"button\" aria-controls=\"elementor-tab-content-1838\" aria-expanded=\"false\">\n\t\t\t\t\t\t\t\t\t\t\t\t\t<span class=\"elementor-accordion-icon elementor-accordion-icon-left\" aria-hidden=\"true\">\n\t\t\t\t\t\t\t\t\t\t\t\t\t\t\t<span class=\"elementor-accordion-icon-closed\"><i class=\"fas fa-plus\"><\/i><\/span>\n\t\t\t\t\t\t\t\t<span class=\"elementor-accordion-icon-opened\"><i class=\"fas fa-minus\"><\/i><\/span>\n\t\t\t\t\t\t\t\t\t\t\t\t\t\t<\/span>\n\t\t\t\t\t\t\t\t\t\t\t\t<a class=\"elementor-accordion-title\" tabindex=\"0\">Come posso iscrivermi alla UX & UI Design \u2013 Winter School?<\/a>\n\t\t\t\t\t<\/div>\n\t\t\t\t\t<div id=\"elementor-tab-content-1838\" class=\"elementor-tab-content elementor-clearfix\" data-tab=\"8\" role=\"region\" aria-labelledby=\"elementor-tab-title-1838\"><p data-start=\"117\" data-end=\"248\">L\u2019iscrizione al corso prevede pochi passaggi semplici:<\/p><ol data-start=\"250\" data-end=\"1186\"><li data-start=\"250\" data-end=\"446\"><p data-start=\"253\" data-end=\"446\"><strong data-start=\"253\" data-end=\"275\">Contatto iniziale:<\/strong> puoi manifestare l&#8217;interesse compilando il form online, inviando un\u2019email a <strong>school<a class=\"decorated-link cursor-pointer\" rel=\"noopener\" data-start=\"359\" data-end=\"385\">@palazzoinnovazione.it<\/a><\/strong> o contattandoci telefonicamente al <strong data-start=\"423\" data-end=\"443\">+39 089 306 1489<\/strong>.<\/p><\/li><li data-start=\"447\" data-end=\"569\"><p data-start=\"450\" data-end=\"569\"><strong data-start=\"450\" data-end=\"481\">Invio modulo di iscrizione:<\/strong>\u00a0una volta ricontattat* e ricevute le informazioni, se interessat* all&#8217;iscrizione invieremo il <strong data-start=\"498\" data-end=\"532\">modulo ufficiale di iscrizione<\/strong> da compilare e restituire firmato.<\/p><\/li><li data-start=\"570\" data-end=\"823\"><p data-start=\"573\" data-end=\"823\"><strong data-start=\"573\" data-end=\"595\">Pagamento acconto:<\/strong> il corso prevede un costo totale di <strong data-start=\"632\" data-end=\"641\">900 \u20ac<\/strong>, con <strong data-start=\"647\" data-end=\"693\">acconto del 30% al momento dell\u2019iscrizione<\/strong> tramite bonifico bancario.\u00a0<\/p><\/li><li data-start=\"824\" data-end=\"1010\"><p data-start=\"827\" data-end=\"1010\"><strong data-start=\"827\" data-end=\"851\">Conferma iscrizione:<\/strong> al ricevimento del modulo compilato e dell\u2019acconto, la tua partecipazione sar\u00e0 confermata. Riceverai tutti i dettagli organizzativi.<\/p><\/li><li data-start=\"1011\" data-end=\"1186\"><p data-start=\"1014\" data-end=\"1186\"><strong data-start=\"1014\" data-end=\"1051\">Saldo e completamento iscrizione:<\/strong> il pagamento finale deve essere effettuato <strong data-start=\"1095\" data-end=\"1140\">una settimana prima dell\u2019inizio del corso<\/strong>, salvo accordi diversi per rate intermedie.<\/p><\/li><\/ol><\/div>\n\t\t\t\t<\/div>\n\t\t\t\t\t\t\t<div class=\"elementor-accordion-item\">\n\t\t\t\t\t<div id=\"elementor-tab-title-1839\" class=\"elementor-tab-title\" data-tab=\"9\" role=\"button\" aria-controls=\"elementor-tab-content-1839\" aria-expanded=\"false\">\n\t\t\t\t\t\t\t\t\t\t\t\t\t<span class=\"elementor-accordion-icon elementor-accordion-icon-left\" aria-hidden=\"true\">\n\t\t\t\t\t\t\t\t\t\t\t\t\t\t\t<span class=\"elementor-accordion-icon-closed\"><i class=\"fas fa-plus\"><\/i><\/span>\n\t\t\t\t\t\t\t\t<span class=\"elementor-accordion-icon-opened\"><i class=\"fas fa-minus\"><\/i><\/span>\n\t\t\t\t\t\t\t\t\t\t\t\t\t\t<\/span>\n\t\t\t\t\t\t\t\t\t\t\t\t<a class=\"elementor-accordion-title\" tabindex=\"0\">Quali sono le modalit\u00e0 di pagamento?<\/a>\n\t\t\t\t\t<\/div>\n\t\t\t\t\t<div id=\"elementor-tab-content-1839\" class=\"elementor-tab-content elementor-clearfix\" data-tab=\"9\" role=\"region\" aria-labelledby=\"elementor-tab-title-1839\"><p>Per confermare l\u2019iscrizione \u00e8 richiesto un <strong data-start=\"193\" data-end=\"212\">acconto del 30%<\/strong>, mentre il <strong data-start=\"224\" data-end=\"274\">saldo va versato entro la settimana precedente<\/strong> all\u2019avvio delle lezioni. Il pagamento avviene tramite <strong data-start=\"329\" data-end=\"350\" data-is-only-node=\"\">bonifico bancario o <\/strong><strong class=\"Yjhzub\">Pay by Link<\/strong>\u00a0in modo semplice e sicuro.<\/p><\/div>\n\t\t\t\t<\/div>\n\t\t\t\t\t\t\t\t<\/div>\n\t\t\t\t\t\t<\/div>\n\t\t\t\t<\/div>\n\t\t\t\t\t<\/div>\n\t\t<\/div>\n\t\t\t\t\t<\/div>\n\t\t<\/section>\n\t\t\t\t<section class=\"elementor-section elementor-top-section elementor-element elementor-element-334e240 elementor-section-boxed elementor-section-height-default elementor-section-height-default\" data-id=\"334e240\" data-element_type=\"section\" data-e-type=\"section\" data-settings=\"{&quot;background_background&quot;:&quot;classic&quot;}\">\n\t\t\t\t\t\t<div class=\"elementor-container elementor-column-gap-default\">\n\t\t\t\t\t<div class=\"elementor-column elementor-col-50 elementor-top-column elementor-element elementor-element-672fedc\" data-id=\"672fedc\" data-element_type=\"column\" data-e-type=\"column\">\n\t\t\t<div class=\"elementor-widget-wrap elementor-element-populated\">\n\t\t\t\t\t\t<div class=\"elementor-element elementor-element-0930b35 elementor-widget elementor-widget-heading\" data-id=\"0930b35\" data-element_type=\"widget\" data-e-type=\"widget\" data-widget_type=\"heading.default\">\n\t\t\t\t<div class=\"elementor-widget-container\">\n\t\t\t\t\t<h6 class=\"elementor-heading-title elementor-size-default\">Rassegna Stampa e Partner<\/h6>\t\t\t\t<\/div>\n\t\t\t\t<\/div>\n\t\t\t\t<div class=\"elementor-element elementor-element-d32b44c elementor-widget elementor-widget-heading\" data-id=\"d32b44c\" data-element_type=\"widget\" data-e-type=\"widget\" data-widget_type=\"heading.default\">\n\t\t\t\t<div class=\"elementor-widget-container\">\n\t\t\t\t\t<h6 class=\"elementor-heading-title elementor-size-default\">La UX &amp; UI Design \u2013 Winter School \u00e8 stata presentata sul sito ufficiale di NTT DATA, a conferma della forza della partnership e dell\u2019eccellenza del percorso formativo.<\/h6>\t\t\t\t<\/div>\n\t\t\t\t<\/div>\n\t\t\t\t\t<\/div>\n\t\t<\/div>\n\t\t\t\t<div class=\"elementor-column elementor-col-50 elementor-top-column elementor-element elementor-element-bc8c373\" data-id=\"bc8c373\" data-element_type=\"column\" data-e-type=\"column\">\n\t\t\t<div class=\"elementor-widget-wrap elementor-element-populated\">\n\t\t\t\t\t\t<div class=\"elementor-element elementor-element-e3e8d0e elementor-widget elementor-widget-image\" data-id=\"e3e8d0e\" data-element_type=\"widget\" data-e-type=\"widget\" data-widget_type=\"image.default\">\n\t\t\t\t<div class=\"elementor-widget-container\">\n\t\t\t\t\t\t\t\t\t\t\t\t\t\t\t\t<a href=\"https:\/\/it.nttdata.com\/news-and-events\/2025\/winter-school\">\n\t\t\t\t\t\t\t<img loading=\"lazy\" decoding=\"async\" width=\"800\" height=\"340\" src=\"https:\/\/www.palazzoinnovazione.it\/wp-content\/uploads\/2025\/10\/UX-UI-Design-Winter-School-di-Palazzo-Innovazione-e-Tangity-per-il-futuro-del-digital-design-NTT-DATA-12-04-2025_03_28_PM-1024x435.png\" class=\"attachment-large size-large wp-image-7899\" alt=\"\" srcset=\"https:\/\/www.palazzoinnovazione.it\/wp-content\/uploads\/2025\/10\/UX-UI-Design-Winter-School-di-Palazzo-Innovazione-e-Tangity-per-il-futuro-del-digital-design-NTT-DATA-12-04-2025_03_28_PM-1024x435.png 1024w, https:\/\/www.palazzoinnovazione.it\/wp-content\/uploads\/2025\/10\/UX-UI-Design-Winter-School-di-Palazzo-Innovazione-e-Tangity-per-il-futuro-del-digital-design-NTT-DATA-12-04-2025_03_28_PM-300x127.png 300w, https:\/\/www.palazzoinnovazione.it\/wp-content\/uploads\/2025\/10\/UX-UI-Design-Winter-School-di-Palazzo-Innovazione-e-Tangity-per-il-futuro-del-digital-design-NTT-DATA-12-04-2025_03_28_PM-768x326.png 768w, https:\/\/www.palazzoinnovazione.it\/wp-content\/uploads\/2025\/10\/UX-UI-Design-Winter-School-di-Palazzo-Innovazione-e-Tangity-per-il-futuro-del-digital-design-NTT-DATA-12-04-2025_03_28_PM-1536x653.png 1536w, https:\/\/www.palazzoinnovazione.it\/wp-content\/uploads\/2025\/10\/UX-UI-Design-Winter-School-di-Palazzo-Innovazione-e-Tangity-per-il-futuro-del-digital-design-NTT-DATA-12-04-2025_03_28_PM.png 1883w\" sizes=\"(max-width: 800px) 100vw, 800px\" \/>\t\t\t\t\t\t\t\t<\/a>\n\t\t\t\t\t\t\t\t\t\t\t\t\t\t\t<\/div>\n\t\t\t\t<\/div>\n\t\t\t\t<div class=\"elementor-element elementor-element-6519738 elementor-widget elementor-widget-button\" data-id=\"6519738\" data-element_type=\"widget\" data-e-type=\"widget\" data-widget_type=\"button.default\">\n\t\t\t\t<div class=\"elementor-widget-container\">\n\t\t\t\t\t\t\t\t\t<div class=\"elementor-button-wrapper\">\n\t\t\t\t\t<a class=\"elementor-button elementor-button-link elementor-size-sm\" href=\"https:\/\/it.nttdata.com\/news-and-events\/2025\/winter-school\">\n\t\t\t\t\t\t<span class=\"elementor-button-content-wrapper\">\n\t\t\t\t\t\t\t\t\t<span class=\"elementor-button-text\">Leggi l\u2019articolo<\/span>\n\t\t\t\t\t<\/span>\n\t\t\t\t\t<\/a>\n\t\t\t\t<\/div>\n\t\t\t\t\t\t\t\t<\/div>\n\t\t\t\t<\/div>\n\t\t\t\t\t<\/div>\n\t\t<\/div>\n\t\t\t\t\t<\/div>\n\t\t<\/section>\n\t\t\t\t<section class=\"elementor-section elementor-top-section elementor-element elementor-element-d970d6d elementor-section-boxed elementor-section-height-default elementor-section-height-default\" data-id=\"d970d6d\" data-element_type=\"section\" data-e-type=\"section\">\n\t\t\t\t\t\t<div class=\"elementor-container elementor-column-gap-default\">\n\t\t\t\t\t<div class=\"elementor-column elementor-col-100 elementor-top-column elementor-element elementor-element-8bb3aa6\" data-id=\"8bb3aa6\" data-element_type=\"column\" data-e-type=\"column\">\n\t\t\t<div class=\"elementor-widget-wrap elementor-element-populated\">\n\t\t\t\t\t\t<div class=\"elementor-element elementor-element-94d9097 elementor-widget elementor-widget-spacer\" data-id=\"94d9097\" data-element_type=\"widget\" data-e-type=\"widget\" data-widget_type=\"spacer.default\">\n\t\t\t\t<div class=\"elementor-widget-container\">\n\t\t\t\t\t\t\t<div class=\"elementor-spacer\">\n\t\t\t<div class=\"elementor-spacer-inner\"><\/div>\n\t\t<\/div>\n\t\t\t\t\t\t<\/div>\n\t\t\t\t<\/div>\n\t\t\t\t<div class=\"elementor-element elementor-element-c901326 elementor-widget elementor-widget-heading\" data-id=\"c901326\" data-element_type=\"widget\" data-e-type=\"widget\" data-widget_type=\"heading.default\">\n\t\t\t\t<div class=\"elementor-widget-container\">\n\t\t\t\t\t<h2 class=\"elementor-heading-title elementor-size-default\">Vuoi iscriverti o ricevere maggiori informazioni?<\/h2>\t\t\t\t<\/div>\n\t\t\t\t<\/div>\n\t\t\t\t<div class=\"elementor-element elementor-element-07a640d elementor-widget elementor-widget-text-editor\" data-id=\"07a640d\" data-element_type=\"widget\" data-e-type=\"widget\" data-widget_type=\"text-editor.default\">\n\t\t\t\t<div class=\"elementor-widget-container\">\n\t\t\t\t\t\t\t\t\t<p>Compila il form e ti contatteremo per fornirti tutti i dettagli.<\/p>\t\t\t\t\t\t\t\t<\/div>\n\t\t\t\t<\/div>\n\t\t\t\t\t<\/div>\n\t\t<\/div>\n\t\t\t\t\t<\/div>\n\t\t<\/section>\n\t\t\t\t<\/div>\n\t\t","protected":false},"excerpt":{"rendered":"<p>A chi \u00e8 rivolto il corso Il corso \u00e8 riservato a un massimo di 20 partecipanti, per assicurare un percorso formativo di qualit\u00e0, con attenzione personalizzata e un confronto diretto [&hellip;]<\/p>\n","protected":false},"featured_media":7836,"template":"","class_list":["post-7396","corso","type-corso","status-publish","has-post-thumbnail","hentry"],"acf":[],"yoast_head":"<!-- This site is optimized with the Yoast SEO plugin v27.4 - https:\/\/yoast.com\/product\/yoast-seo-wordpress\/ -->\n<title>UX &amp; UI Design - Winter School\u00a0 - Palazzo Innovazione<\/title>\n<meta name=\"description\" content=\"Una settimana intensiva di UX\/UI Design con Biagio Di Stefano e Tangity \u2013 NTT DATA. Project work reali, strumenti professionali e networking.\" \/>\n<meta name=\"robots\" content=\"index, follow, max-snippet:-1, max-image-preview:large, max-video-preview:-1\" \/>\n<link rel=\"canonical\" href=\"https:\/\/www.palazzoinnovazione.it\/en\/corso\/ux-ui-design-winter-school\/\" \/>\n<meta property=\"og:locale\" content=\"en_US\" \/>\n<meta property=\"og:type\" content=\"article\" \/>\n<meta property=\"og:title\" content=\"UX &amp; UI Design - Winter School\u00a0 - Palazzo Innovazione\" \/>\n<meta property=\"og:description\" content=\"Una settimana intensiva di UX\/UI Design con Biagio Di Stefano e Tangity \u2013 NTT DATA. Project work reali, strumenti professionali e networking.\" \/>\n<meta property=\"og:url\" content=\"https:\/\/www.palazzoinnovazione.it\/en\/corso\/ux-ui-design-winter-school\/\" \/>\n<meta property=\"og:site_name\" content=\"Palazzo Innovazione\" \/>\n<meta property=\"article:publisher\" content=\"https:\/\/www.facebook.com\/Palazzoinnovazione\/\" \/>\n<meta property=\"article:modified_time\" content=\"2026-01-09T14:59:45+00:00\" \/>\n<meta property=\"og:image\" content=\"https:\/\/www.palazzoinnovazione.it\/wp-content\/uploads\/2025\/10\/Official-Card-websocial-UxUI.png\" \/>\n\t<meta property=\"og:image:width\" content=\"1200\" \/>\n\t<meta property=\"og:image:height\" content=\"1200\" \/>\n\t<meta property=\"og:image:type\" content=\"image\/png\" \/>\n<meta name=\"twitter:card\" content=\"summary_large_image\" \/>\n<meta name=\"twitter:label1\" content=\"Est. reading time\" \/>\n\t<meta name=\"twitter:data1\" content=\"12 minutes\" \/>\n<script type=\"application\/ld+json\" class=\"yoast-schema-graph\">{\"@context\":\"https:\\\/\\\/schema.org\",\"@graph\":[{\"@type\":\"WebPage\",\"@id\":\"https:\\\/\\\/www.palazzoinnovazione.it\\\/en\\\/corso\\\/ux-ui-design-winter-school\\\/\",\"url\":\"https:\\\/\\\/www.palazzoinnovazione.it\\\/en\\\/corso\\\/ux-ui-design-winter-school\\\/\",\"name\":\"UX &amp; UI Design - Winter School\u00a0 - Palazzo Innovazione\",\"isPartOf\":{\"@id\":\"https:\\\/\\\/www.palazzoinnovazione.it\\\/en\\\/#website\"},\"primaryImageOfPage\":{\"@id\":\"https:\\\/\\\/www.palazzoinnovazione.it\\\/en\\\/corso\\\/ux-ui-design-winter-school\\\/#primaryimage\"},\"image\":{\"@id\":\"https:\\\/\\\/www.palazzoinnovazione.it\\\/en\\\/corso\\\/ux-ui-design-winter-school\\\/#primaryimage\"},\"thumbnailUrl\":\"https:\\\/\\\/www.palazzoinnovazione.it\\\/wp-content\\\/uploads\\\/2025\\\/10\\\/Official-Card-websocial-UxUI.png\",\"datePublished\":\"2025-10-16T09:59:21+00:00\",\"dateModified\":\"2026-01-09T14:59:45+00:00\",\"description\":\"Una settimana intensiva di UX\\\/UI Design con Biagio Di Stefano e Tangity \u2013 NTT DATA. Project work reali, strumenti professionali e networking.\",\"breadcrumb\":{\"@id\":\"https:\\\/\\\/www.palazzoinnovazione.it\\\/en\\\/corso\\\/ux-ui-design-winter-school\\\/#breadcrumb\"},\"inLanguage\":\"en-US\",\"potentialAction\":[{\"@type\":\"ReadAction\",\"target\":[\"https:\\\/\\\/www.palazzoinnovazione.it\\\/en\\\/corso\\\/ux-ui-design-winter-school\\\/\"]}]},{\"@type\":\"ImageObject\",\"inLanguage\":\"en-US\",\"@id\":\"https:\\\/\\\/www.palazzoinnovazione.it\\\/en\\\/corso\\\/ux-ui-design-winter-school\\\/#primaryimage\",\"url\":\"https:\\\/\\\/www.palazzoinnovazione.it\\\/wp-content\\\/uploads\\\/2025\\\/10\\\/Official-Card-websocial-UxUI.png\",\"contentUrl\":\"https:\\\/\\\/www.palazzoinnovazione.it\\\/wp-content\\\/uploads\\\/2025\\\/10\\\/Official-Card-websocial-UxUI.png\",\"width\":1200,\"height\":1200},{\"@type\":\"BreadcrumbList\",\"@id\":\"https:\\\/\\\/www.palazzoinnovazione.it\\\/en\\\/corso\\\/ux-ui-design-winter-school\\\/#breadcrumb\",\"itemListElement\":[{\"@type\":\"ListItem\",\"position\":1,\"name\":\"Home\",\"item\":\"https:\\\/\\\/www.palazzoinnovazione.it\\\/en\\\/home\\\/\"},{\"@type\":\"ListItem\",\"position\":2,\"name\":\"UX &amp; UI Design &#8211; Winter School\u00a0\"}]},{\"@type\":\"WebSite\",\"@id\":\"https:\\\/\\\/www.palazzoinnovazione.it\\\/en\\\/#website\",\"url\":\"https:\\\/\\\/www.palazzoinnovazione.it\\\/en\\\/\",\"name\":\"Palazzo Innovazione\",\"description\":\"Innovation from history\",\"publisher\":{\"@id\":\"https:\\\/\\\/www.palazzoinnovazione.it\\\/en\\\/#organization\"},\"alternateName\":\"Palazzo Innovazione\",\"potentialAction\":[{\"@type\":\"SearchAction\",\"target\":{\"@type\":\"EntryPoint\",\"urlTemplate\":\"https:\\\/\\\/www.palazzoinnovazione.it\\\/en\\\/?s={search_term_string}\"},\"query-input\":{\"@type\":\"PropertyValueSpecification\",\"valueRequired\":true,\"valueName\":\"search_term_string\"}}],\"inLanguage\":\"en-US\"},{\"@type\":\"Organization\",\"@id\":\"https:\\\/\\\/www.palazzoinnovazione.it\\\/en\\\/#organization\",\"name\":\"Palazzo innovazione\",\"url\":\"https:\\\/\\\/www.palazzoinnovazione.it\\\/en\\\/\",\"logo\":{\"@type\":\"ImageObject\",\"inLanguage\":\"en-US\",\"@id\":\"https:\\\/\\\/www.palazzoinnovazione.it\\\/en\\\/#\\\/schema\\\/logo\\\/image\\\/\",\"url\":\"https:\\\/\\\/www.palazzoinnovazione.it\\\/wp-content\\\/uploads\\\/2025\\\/09\\\/PI_vertical_CMYK_color-pos-1.png\",\"contentUrl\":\"https:\\\/\\\/www.palazzoinnovazione.it\\\/wp-content\\\/uploads\\\/2025\\\/09\\\/PI_vertical_CMYK_color-pos-1.png\",\"width\":767,\"height\":926,\"caption\":\"Palazzo innovazione\"},\"image\":{\"@id\":\"https:\\\/\\\/www.palazzoinnovazione.it\\\/en\\\/#\\\/schema\\\/logo\\\/image\\\/\"},\"sameAs\":[\"https:\\\/\\\/www.facebook.com\\\/Palazzoinnovazione\\\/\"]}]}<\/script>\n<!-- \/ Yoast SEO plugin. -->","yoast_head_json":{"title":"UX &amp; UI Design - Winter School\u00a0 - Palazzo Innovazione","description":"Una settimana intensiva di UX\/UI Design con Biagio Di Stefano e Tangity \u2013 NTT DATA. Project work reali, strumenti professionali e networking.","robots":{"index":"index","follow":"follow","max-snippet":"max-snippet:-1","max-image-preview":"max-image-preview:large","max-video-preview":"max-video-preview:-1"},"canonical":"https:\/\/www.palazzoinnovazione.it\/en\/corso\/ux-ui-design-winter-school\/","og_locale":"en_US","og_type":"article","og_title":"UX &amp; UI Design - Winter School\u00a0 - Palazzo Innovazione","og_description":"Una settimana intensiva di UX\/UI Design con Biagio Di Stefano e Tangity \u2013 NTT DATA. Project work reali, strumenti professionali e networking.","og_url":"https:\/\/www.palazzoinnovazione.it\/en\/corso\/ux-ui-design-winter-school\/","og_site_name":"Palazzo Innovazione","article_publisher":"https:\/\/www.facebook.com\/Palazzoinnovazione\/","article_modified_time":"2026-01-09T14:59:45+00:00","og_image":[{"width":1200,"height":1200,"url":"https:\/\/www.palazzoinnovazione.it\/wp-content\/uploads\/2025\/10\/Official-Card-websocial-UxUI.png","type":"image\/png"}],"twitter_card":"summary_large_image","twitter_misc":{"Est. reading time":"12 minutes"},"schema":{"@context":"https:\/\/schema.org","@graph":[{"@type":"WebPage","@id":"https:\/\/www.palazzoinnovazione.it\/en\/corso\/ux-ui-design-winter-school\/","url":"https:\/\/www.palazzoinnovazione.it\/en\/corso\/ux-ui-design-winter-school\/","name":"UX &amp; UI Design - Winter School\u00a0 - Palazzo Innovazione","isPartOf":{"@id":"https:\/\/www.palazzoinnovazione.it\/en\/#website"},"primaryImageOfPage":{"@id":"https:\/\/www.palazzoinnovazione.it\/en\/corso\/ux-ui-design-winter-school\/#primaryimage"},"image":{"@id":"https:\/\/www.palazzoinnovazione.it\/en\/corso\/ux-ui-design-winter-school\/#primaryimage"},"thumbnailUrl":"https:\/\/www.palazzoinnovazione.it\/wp-content\/uploads\/2025\/10\/Official-Card-websocial-UxUI.png","datePublished":"2025-10-16T09:59:21+00:00","dateModified":"2026-01-09T14:59:45+00:00","description":"Una settimana intensiva di UX\/UI Design con Biagio Di Stefano e Tangity \u2013 NTT DATA. Project work reali, strumenti professionali e networking.","breadcrumb":{"@id":"https:\/\/www.palazzoinnovazione.it\/en\/corso\/ux-ui-design-winter-school\/#breadcrumb"},"inLanguage":"en-US","potentialAction":[{"@type":"ReadAction","target":["https:\/\/www.palazzoinnovazione.it\/en\/corso\/ux-ui-design-winter-school\/"]}]},{"@type":"ImageObject","inLanguage":"en-US","@id":"https:\/\/www.palazzoinnovazione.it\/en\/corso\/ux-ui-design-winter-school\/#primaryimage","url":"https:\/\/www.palazzoinnovazione.it\/wp-content\/uploads\/2025\/10\/Official-Card-websocial-UxUI.png","contentUrl":"https:\/\/www.palazzoinnovazione.it\/wp-content\/uploads\/2025\/10\/Official-Card-websocial-UxUI.png","width":1200,"height":1200},{"@type":"BreadcrumbList","@id":"https:\/\/www.palazzoinnovazione.it\/en\/corso\/ux-ui-design-winter-school\/#breadcrumb","itemListElement":[{"@type":"ListItem","position":1,"name":"Home","item":"https:\/\/www.palazzoinnovazione.it\/en\/home\/"},{"@type":"ListItem","position":2,"name":"UX &amp; UI Design &#8211; Winter School\u00a0"}]},{"@type":"WebSite","@id":"https:\/\/www.palazzoinnovazione.it\/en\/#website","url":"https:\/\/www.palazzoinnovazione.it\/en\/","name":"Palazzo Innovazione","description":"Innovation from history","publisher":{"@id":"https:\/\/www.palazzoinnovazione.it\/en\/#organization"},"alternateName":"Palazzo Innovazione","potentialAction":[{"@type":"SearchAction","target":{"@type":"EntryPoint","urlTemplate":"https:\/\/www.palazzoinnovazione.it\/en\/?s={search_term_string}"},"query-input":{"@type":"PropertyValueSpecification","valueRequired":true,"valueName":"search_term_string"}}],"inLanguage":"en-US"},{"@type":"Organization","@id":"https:\/\/www.palazzoinnovazione.it\/en\/#organization","name":"Palazzo innovazione","url":"https:\/\/www.palazzoinnovazione.it\/en\/","logo":{"@type":"ImageObject","inLanguage":"en-US","@id":"https:\/\/www.palazzoinnovazione.it\/en\/#\/schema\/logo\/image\/","url":"https:\/\/www.palazzoinnovazione.it\/wp-content\/uploads\/2025\/09\/PI_vertical_CMYK_color-pos-1.png","contentUrl":"https:\/\/www.palazzoinnovazione.it\/wp-content\/uploads\/2025\/09\/PI_vertical_CMYK_color-pos-1.png","width":767,"height":926,"caption":"Palazzo innovazione"},"image":{"@id":"https:\/\/www.palazzoinnovazione.it\/en\/#\/schema\/logo\/image\/"},"sameAs":["https:\/\/www.facebook.com\/Palazzoinnovazione\/"]}]}},"_links":{"self":[{"href":"https:\/\/www.palazzoinnovazione.it\/en\/wp-json\/wp\/v2\/corso\/7396","targetHints":{"allow":["GET"]}}],"collection":[{"href":"https:\/\/www.palazzoinnovazione.it\/en\/wp-json\/wp\/v2\/corso"}],"about":[{"href":"https:\/\/www.palazzoinnovazione.it\/en\/wp-json\/wp\/v2\/types\/corso"}],"version-history":[{"count":102,"href":"https:\/\/www.palazzoinnovazione.it\/en\/wp-json\/wp\/v2\/corso\/7396\/revisions"}],"predecessor-version":[{"id":8823,"href":"https:\/\/www.palazzoinnovazione.it\/en\/wp-json\/wp\/v2\/corso\/7396\/revisions\/8823"}],"wp:featuredmedia":[{"embeddable":true,"href":"https:\/\/www.palazzoinnovazione.it\/en\/wp-json\/wp\/v2\/media\/7836"}],"wp:attachment":[{"href":"https:\/\/www.palazzoinnovazione.it\/en\/wp-json\/wp\/v2\/media?parent=7396"}],"curies":[{"name":"wp","href":"https:\/\/api.w.org\/{rel}","templated":true}]}}